{"id":5341,"date":"2021-02-02T15:38:27","date_gmt":"2021-02-02T14:38:27","guid":{"rendered":"https:\/\/grg21oe.at\/?page_id=5341"},"modified":"2026-03-29T18:25:16","modified_gmt":"2026-03-29T17:25:16","slug":"lehrerinnen","status":"publish","type":"page","link":"https:\/\/grg21oe.at\/?page_id=5341","title":{"rendered":"LehrerInnen"},"content":{"rendered":"<style type=\"text\/css\"> \n#cmsms_row_69f4a77bce87b .cmsms_row_outer_parent { \n\tpadding-top: 40px; \n} \n\n#cmsms_row_69f4a77bce87b .cmsms_row_outer_parent { \n\tpadding-bottom: 20px; \n} \n\n<\/style><div id=\"cmsms_row_69f4a77bce87b\" class=\"cmsms_row cmsms_color_scheme_default\">\n<div class=\"cmsms_row_outer_parent\">\n<div class=\"cmsms_row_outer\">\n<div class=\"cmsms_row_inner\">\n<div class=\"cmsms_row_margin\">\n<div class=\"cmsms_column one_first\">\n<div class=\"cmsms_text\">\n<h1>Lehrerinnen und Lehrer<\/h1>\n<h4><a href=\"https:\/\/kalliope.webuntis.com\/WebUntis\/?school=oedi#\/basic\/officehours\" target=\"_blank\" rel=\"noopener noreferrer\"><strong>Sprechstundenliste<\/strong><\/a><\/h4>\n<\/div>\n<\/div>\n<\/div>\n<\/div>\n<\/div>\n<\/div>\n<\/div>\n<div id=\"cmsms_row_69f4a77bceb27\" class=\"cmsms_row cmsms_color_scheme_default\">\n<div class=\"cmsms_row_outer_parent\">\n<div class=\"cmsms_row_outer\">\n<div class=\"cmsms_row_inner\">\n<div class=\"cmsms_row_margin\">\n<div class=\"cmsms_column one_third\">\n<div class=\"cmsms_text\">\n<h2 style=\"text-align: center;\"><span style=\"color: #3366ff;\"><strong>A &#8211; J<\/strong><\/span><\/h2>\n<hr \/>\n<p><img decoding=\"async\" class=\"wp-image-11394 alignleft\" src=\"https:\/\/grg21oe.at\/wp-content\/uploads\/2026\/01\/ach.jpg\" alt=\"\" width=\"108\" height=\"143\" \/><\/p>\n<p>&nbsp;<\/p>\n<p><span style=\"font-family: Arial, Helvetica, sans-serif; font-size: 11pt;\">Mag. Julia <\/span><strong style=\"font-family: Arial, Helvetica, sans-serif; font-size: 11pt;\">ACHTSNIT (ACH)<\/strong><\/p>\n<p><span style=\"font-family: Arial, Helvetica, sans-serif; font-size: 11pt;\">F\u00e4cher: BIUB, BSM<\/span><\/p>\n<p><span style=\"font-family: Arial, Helvetica, sans-serif; font-size: 11pt;\">Schulbuchreferat, JRK, Erste Hilfe<\/span><\/p>\n<hr \/>\n<p><img decoding=\"async\" class=\"wp-image-11303 alignleft\" src=\"https:\/\/grg21oe.at\/wp-content\/uploads\/2026\/01\/aci-1-e1768427877213.jpg\" alt=\"\" width=\"95\" height=\"138\" \/><\/p>\n<p>&nbsp;<\/p>\n<p><span style=\"font-family: Arial, Helvetica, sans-serif; font-size: 11pt;\">Mag. Mihriban <\/span><strong style=\"font-family: Arial, Helvetica, sans-serif; font-size: 11pt;\">ACIKALIN (ACI)<\/strong><\/p>\n<p><span style=\"font-family: Arial, Helvetica, sans-serif; font-size: 11pt;\">F\u00e4cher: F, GPB, DAZ<\/span><\/p>\n<p>&nbsp;<\/p>\n<hr \/>\n<p><img decoding=\"async\" class=\"wp-image-11304 alignleft\" src=\"https:\/\/grg21oe.at\/wp-content\/uploads\/2026\/01\/aka-2-Photoroom-722x1024.jpg\" alt=\"\" width=\"111\" height=\"157\" \/><\/p>\n<p>&nbsp;<\/p>\n<p><span style=\"font-family: Arial, Helvetica, sans-serif; font-size: 11pt;\">Mag. Ayse <\/span><strong style=\"font-family: Arial, Helvetica, sans-serif; font-size: 11pt;\">AKAY (AKA)<\/strong><\/p>\n<p><span style=\"font-family: Arial, Helvetica, sans-serif; font-size: 11pt;\">F\u00e4cher: RIS<\/span><\/p>\n<p>Schulbuchaktion<\/p>\n<hr \/>\n<p><img loading=\"lazy\" decoding=\"async\" class=\"wp-image-11305 alignleft\" src=\"https:\/\/grg21oe.at\/wp-content\/uploads\/2026\/01\/amb-Photoroom-e1768428384913.jpg\" alt=\"\" width=\"115\" height=\"160\" \/><\/p>\n<p><span style=\"font-family: Arial, Helvetica, sans-serif; font-size: 11pt;\">Mag. Roland <\/span><strong style=\"font-family: Arial, Helvetica, sans-serif; font-size: 11pt;\"> AMBROS (AMB)<\/strong><\/p>\n<p><span style=\"font-family: Arial, Helvetica, sans-serif; font-size: 11pt;\">F\u00e4cher: INF, PP, DIGGB<\/span><\/p>\n<p><span style=\"font-family: Arial, Helvetica, sans-serif; font-size: 11pt;\">Personalvertretung, <\/span><span style=\"font-family: Arial, Helvetica, sans-serif; font-size: 11pt;\">Kustodiat INF, <\/span><span style=\"font-family: Arial, Helvetica, sans-serif; font-size: 14.6667px;\">Koordination Lehr &amp; Lernforschungsprojekte (Bereich Digitalisierung) der Uni Wien<\/span><\/p>\n<hr \/>\n<p><img loading=\"lazy\" decoding=\"async\" class=\"wp-image-11331 alignleft\" src=\"https:\/\/grg21oe.at\/wp-content\/uploads\/2026\/01\/and-Photoroom-594x1024-1.jpg\" alt=\"\" width=\"113\" height=\"166\" srcset=\"https:\/\/grg21oe.at\/wp-content\/uploads\/2026\/01\/and-Photoroom-594x1024-1.jpg 587w, https:\/\/grg21oe.at\/wp-content\/uploads\/2026\/01\/and-Photoroom-594x1024-1-204x300.jpg 204w, https:\/\/grg21oe.at\/wp-content\/uploads\/2026\/01\/and-Photoroom-594x1024-1-580x853.jpg 580w\" sizes=\"(max-width: 113px) 100vw, 113px\" \/><\/p>\n<div id=\"text-position\">\n<p>Mag. Tijana <strong> ANDRIC (AND)<\/strong><\/p>\n<p>F\u00e4cher: E, PP,<\/p>\n<p>Erasmus+, Englisch Sprachenwettbewerb, Blackout-Team<\/p>\n<\/div>\n<hr \/>\n<p><img loading=\"lazy\" decoding=\"async\" class=\"wp-image-11307 alignleft\" src=\"https:\/\/grg21oe.at\/wp-content\/uploads\/2026\/01\/bs-Photoroom.jpg\" alt=\"\" width=\"145\" height=\"166\" \/><\/p>\n<div id=\"text-position\">\n<p>Mag. Sine\u00a0 \u00a0 \u00a0 \u00a0 \u00a0 \u00a0 <strong>BACHK\u00d6NIG (BAC)<\/strong><\/p>\n<p>F\u00e4cher: F, M<\/p>\n<p>Q-SK, SGA, Peer Mediation<\/p>\n<p>&nbsp;<\/p>\n<hr style=\"font-family: Georgia, 'Times New Roman', 'Bitstream Charter', Times, serif; font-size: 16px;\" \/>\n<\/div>\n<p><img loading=\"lazy\" decoding=\"async\" class=\" wp-image-5795 alignleft\" src=\"https:\/\/grg21oe.at\/wp-content\/uploads\/2022\/09\/Rafael-Bednar.jpg\" alt=\"\" width=\"107\" height=\"162\" \/><\/p>\n<div id=\"text-position\">\n<p>Mag. Raffael <strong> BEDNAR (BED)<\/strong><\/p>\n<p>F\u00e4cher: M, BSK<\/p>\n<p>Kustodiat M, K\u00e4nguru der M<\/p>\n<\/div>\n<hr \/>\n<p><img loading=\"lazy\" decoding=\"async\" class=\"wp-image-11407 alignleft\" src=\"https:\/\/grg21oe.at\/wp-content\/uploads\/2026\/01\/Binder-Photoroom.jpg\" alt=\"\" width=\"104\" height=\"171\" srcset=\"https:\/\/grg21oe.at\/wp-content\/uploads\/2026\/01\/Binder-Photoroom.jpg 532w, https:\/\/grg21oe.at\/wp-content\/uploads\/2026\/01\/Binder-Photoroom-182x300.jpg 182w\" sizes=\"(max-width: 104px) 100vw, 104px\" \/><\/p>\n<p>Sebastian Gabriel<strong> BINDER (BSG)\u00a0 \u00a0 \u00a0<\/strong><\/p>\n<p>F\u00e4cher: M, GPB<\/p>\n<p>&nbsp;<\/p>\n<hr \/>\n<p><img loading=\"lazy\" decoding=\"async\" class=\"wp-image-11300 size-full alignleft\" src=\"https:\/\/grg21oe.at\/wp-content\/uploads\/2026\/01\/bol.jpg\" alt=\"\" width=\"106\" height=\"155\" \/><\/p>\n<div id=\"text-position\">\n<p>Mag. Margherita <strong> BOLAFFIO (BOL)<\/strong><\/p>\n<p>F\u00e4cher: MU, IT<\/p>\n<\/div>\n<p>&nbsp;<\/p>\n<hr \/>\n<p><img loading=\"lazy\" decoding=\"async\" class=\"wp-image-11332 alignleft\" src=\"https:\/\/grg21oe.at\/wp-content\/uploads\/2026\/01\/bre.jpg\" alt=\"\" width=\"110\" height=\"166\" \/><\/p>\n<div id=\"text-position\">\n<p>Mag. Bernadette <strong> BRENNER (BRE)<\/strong><\/p>\n<p>F\u00e4cher: D, BIUB<\/p>\n<\/div>\n<p>&nbsp;<\/p>\n<hr \/>\n<p><img loading=\"lazy\" decoding=\"async\" class=\"wp-image-11310 alignleft\" src=\"https:\/\/grg21oe.at\/wp-content\/uploads\/2026\/01\/bro-scaled-Photoroom-2.jpg\" alt=\"\" width=\"109\" height=\"166\" srcset=\"https:\/\/grg21oe.at\/wp-content\/uploads\/2026\/01\/bro-scaled-Photoroom-2.jpg 562w, https:\/\/grg21oe.at\/wp-content\/uploads\/2026\/01\/bro-scaled-Photoroom-2-198x300.jpg 198w\" sizes=\"(max-width: 109px) 100vw, 109px\" \/><\/p>\n<div id=\"text-position\">\n<p>Mag. Benjamin<strong> BROMMER (BRO)<\/strong><\/p>\n<p>F\u00e4cher: KuG, TD_TE<\/p>\n<\/div>\n<p>&nbsp;<\/p>\n<hr \/>\n<p><img loading=\"lazy\" decoding=\"async\" class=\"alignleft wp-image-11428\" src=\"https:\/\/grg21oe.at\/wp-content\/uploads\/2026\/03\/ChatGPT-Image-2.-Maerz-2026-21_50_50-200x300.png\" alt=\"\" width=\"110\" height=\"165\" srcset=\"https:\/\/grg21oe.at\/wp-content\/uploads\/2026\/03\/ChatGPT-Image-2.-Maerz-2026-21_50_50-200x300.png 200w, https:\/\/grg21oe.at\/wp-content\/uploads\/2026\/03\/ChatGPT-Image-2.-Maerz-2026-21_50_50-683x1024.png 683w, https:\/\/grg21oe.at\/wp-content\/uploads\/2026\/03\/ChatGPT-Image-2.-Maerz-2026-21_50_50-768x1152.png 768w, https:\/\/grg21oe.at\/wp-content\/uploads\/2026\/03\/ChatGPT-Image-2.-Maerz-2026-21_50_50-600x900.png 600w, https:\/\/grg21oe.at\/wp-content\/uploads\/2026\/03\/ChatGPT-Image-2.-Maerz-2026-21_50_50-580x870.png 580w, https:\/\/grg21oe.at\/wp-content\/uploads\/2026\/03\/ChatGPT-Image-2.-Maerz-2026-21_50_50-820x1230.png 820w, https:\/\/grg21oe.at\/wp-content\/uploads\/2026\/03\/ChatGPT-Image-2.-Maerz-2026-21_50_50.png 1024w\" sizes=\"(max-width: 110px) 100vw, 110px\" \/><\/p>\n<div id=\"text-position\">\n<p>Samuel <strong> BURCIU (BUR),<\/strong> BEd, MEd<\/p>\n<p>F\u00e4cher: GPB, GWB<\/p>\n<p>Website, Bildungs- u. Berufsorientierungskoordination<\/p>\n<\/div>\n<hr \/>\n<p><img loading=\"lazy\" decoding=\"async\" class=\"wp-image-11311 size-full alignleft\" src=\"https:\/\/grg21oe.at\/wp-content\/uploads\/2026\/01\/czu-Photoroom.jpg\" alt=\"\" width=\"103\" height=\"155\" \/><\/p>\n<div id=\"text-position\">\n<p>Sabine <strong> CZUCHAJDA (CZU)<\/strong><\/p>\n<p>F\u00e4cher: TD_TE<\/p>\n<p>Kustodiat TX, Sch\u00fclerliga Fu\u00dfball M, Lesef\u00f6rderung, Schulbuchaktion<\/p>\n<\/div>\n<hr \/>\n<p><img loading=\"lazy\" decoding=\"async\" class=\"size-full wp-image-6749 alignleft\" src=\"https:\/\/grg21oe.at\/wp-content\/uploads\/2021\/12\/Portraitfoto-Verena-1-233x300.jpg\" alt=\"\" width=\"105\" height=\"157\" \/><\/p>\n<div id=\"text-position\">\n<p>Mag. Verena <strong> DEMEL (DEV)<\/strong><\/p>\n<p>F\u00e4cher: GPB, F<\/p>\n<p>Kustodiat GPB<\/p>\n<\/div>\n<hr \/>\n<p><img loading=\"lazy\" decoding=\"async\" class=\"wp-image-11313 alignleft\" src=\"https:\/\/grg21oe.at\/wp-content\/uploads\/2026\/01\/doa-Photoroom-1.jpg\" alt=\"\" width=\"128\" height=\"157\" \/><\/p>\n<div id=\"text-position\">\n<p>Mag. Alexander <strong> DONAS (DOA)<\/strong><\/p>\n<p>F\u00e4cher: BSK, GPB<\/p>\n<\/div>\n<p>&nbsp;<\/p>\n<hr \/>\n<p><img loading=\"lazy\" decoding=\"async\" class=\"wp-image-11314 alignleft\" src=\"https:\/\/grg21oe.at\/wp-content\/uploads\/2026\/01\/ebe-Photoroom.jpg\" alt=\"\" width=\"116\" height=\"157\" \/><\/p>\n<div id=\"text-position\">\n<p>Mag. Anja <strong> EBERH\u00d6FER (EBE)<\/strong><\/p>\n<p>F\u00e4cher: E, IT<\/p>\n<p>Kustodiat IT<\/p>\n<\/div>\n<hr \/>\n<p><img loading=\"lazy\" decoding=\"async\" class=\"wp-image-11315 alignleft\" src=\"https:\/\/grg21oe.at\/wp-content\/uploads\/2026\/01\/he-Photoroom-668x1024.jpg\" alt=\"\" width=\"106\" height=\"163\" srcset=\"https:\/\/grg21oe.at\/wp-content\/uploads\/2026\/01\/he-Photoroom-668x1024.jpg 668w, https:\/\/grg21oe.at\/wp-content\/uploads\/2026\/01\/he-Photoroom-196x300.jpg 196w, https:\/\/grg21oe.at\/wp-content\/uploads\/2026\/01\/he-Photoroom-580x889.jpg 580w, https:\/\/grg21oe.at\/wp-content\/uploads\/2026\/01\/he-Photoroom.jpg 687w\" sizes=\"(max-width: 106px) 100vw, 106px\" \/><\/p>\n<div id=\"text-position\">\n<p>DI Harald<strong> EBERL (EHA)<\/strong><\/p>\n<p>F\u00e4cher: INF, PH<\/p>\n<p>Gewerkschaft<\/p>\n<p>&nbsp;<\/p>\n<\/div>\n<hr \/>\n<p><img loading=\"lazy\" decoding=\"async\" class=\"wp-image-11316 alignleft\" src=\"https:\/\/grg21oe.at\/wp-content\/uploads\/2026\/01\/eck-Photoroom.jpg\" alt=\"\" width=\"119\" height=\"153\" \/><\/p>\n<div id=\"text-position\">\n<p>Mag. Wolfgang <strong> ECKEL (ECK)<\/strong><\/p>\n<p>F\u00e4cher: BSK, PM<\/p>\n<p>LIDL-Lauf, Sportfest<\/p>\n<\/div>\n<hr \/>\n<p><img loading=\"lazy\" decoding=\"async\" class=\" wp-image-5795 alignleft\" src=\"https:\/\/grg21oe.at\/wp-content\/uploads\/2024\/11\/Safia.png\" alt=\"\" width=\"130\" height=\"157\" \/><\/p>\n<div id=\"text-position\">\n<p>Mag. Safia <strong> ELSAYED (ELS)<\/strong><\/p>\n<p>F\u00e4cher: RIS<\/p>\n<p>Peer Mediation<\/p>\n<\/div>\n<hr \/>\n<p><img loading=\"lazy\" decoding=\"async\" class=\"wp-image-11317 alignleft\" src=\"https:\/\/grg21oe.at\/wp-content\/uploads\/2026\/01\/evt-Photoroom.jpg\" alt=\"\" width=\"99\" height=\"137\" srcset=\"https:\/\/grg21oe.at\/wp-content\/uploads\/2026\/01\/evt-Photoroom.jpg 698w, https:\/\/grg21oe.at\/wp-content\/uploads\/2026\/01\/evt-Photoroom-217x300.jpg 217w, https:\/\/grg21oe.at\/wp-content\/uploads\/2026\/01\/evt-Photoroom-580x803.jpg 580w\" sizes=\"(max-width: 99px) 100vw, 99px\" \/><\/p>\n<div id=\"text-position\">\n<p>Dipl. soz. P\u00e4d. Albena <strong> EVTIMOVA-DIMITROVA (EVT)<\/strong>, MA<\/p>\n<p>F\u00e4cher: MU<\/p>\n<\/div>\n<p>&nbsp;<\/p>\n<hr \/>\n<p><img loading=\"lazy\" decoding=\"async\" class=\"wp-image-11336 alignleft\" src=\"https:\/\/grg21oe.at\/wp-content\/uploads\/2026\/01\/fra-scaled-Photoroom-682x1024.jpg\" alt=\"\" width=\"120\" height=\"180\" srcset=\"https:\/\/grg21oe.at\/wp-content\/uploads\/2026\/01\/fra-scaled-Photoroom-682x1024.jpg 682w, https:\/\/grg21oe.at\/wp-content\/uploads\/2026\/01\/fra-scaled-Photoroom-200x300.jpg 200w, https:\/\/grg21oe.at\/wp-content\/uploads\/2026\/01\/fra-scaled-Photoroom-768x1152.jpg 768w, https:\/\/grg21oe.at\/wp-content\/uploads\/2026\/01\/fra-scaled-Photoroom-600x900.jpg 600w, https:\/\/grg21oe.at\/wp-content\/uploads\/2026\/01\/fra-scaled-Photoroom-580x870.jpg 580w, https:\/\/grg21oe.at\/wp-content\/uploads\/2026\/01\/fra-scaled-Photoroom-820x1230.jpg 820w, https:\/\/grg21oe.at\/wp-content\/uploads\/2026\/01\/fra-scaled-Photoroom.jpg 853w\" sizes=\"(max-width: 120px) 100vw, 120px\" \/><\/p>\n<div id=\"text-position\">\n<p>\u00a0Akio <strong>FRIESACHER (FRA), <\/strong>BEd<\/p>\n<p>F\u00e4cher: M, KuG<\/p>\n<p>Erasmus+<\/p>\n<\/div>\n<hr \/>\n<p><img loading=\"lazy\" decoding=\"async\" class=\"wp-image-11320 alignleft\" src=\"https:\/\/grg21oe.at\/wp-content\/uploads\/2026\/01\/frd2-1.jpg\" alt=\"\" width=\"107\" height=\"150\" \/><\/p>\n<div id=\"text-position\">\n<p>Mag. Daniela <strong>FRIESENBICHLER (FRD)<\/strong><\/p>\n<p>F\u00e4cher: BIUB, GWB<\/p>\n<p>Erasmus+, Team-Wasserschule<\/p>\n<\/div>\n<hr \/>\n<p><img loading=\"lazy\" decoding=\"async\" class=\"wp-image-11321 size-full alignleft\" src=\"https:\/\/grg21oe.at\/wp-content\/uploads\/2026\/01\/fue-Photoroom.jpg\" alt=\"\" width=\"104\" height=\"150\" \/><\/p>\n<div id=\"text-position\">\n<p>Mag. Sabine <strong> F\u00dcHRER (FUE)<\/strong><\/p>\n<p>F\u00e4cher: D, GPB, GWB<\/p>\n<p>Bibliothek, Lesekoordination, Lesef\u00f6rderung<\/p>\n<\/div>\n<hr \/>\n<p><img loading=\"lazy\" decoding=\"async\" class=\"wp-image-11322 alignleft\" src=\"https:\/\/grg21oe.at\/wp-content\/uploads\/2026\/01\/gam-e1726753439656-204x300-Photoroom.jpg\" alt=\"\" width=\"124\" height=\"169\" \/><\/p>\n<p>&nbsp;<\/p>\n<p>M<span style=\"font-family: Arial, Helvetica, sans-serif; font-size: 11pt;\">ag. Jennifer <\/span><strong style=\"font-family: Arial, Helvetica, sans-serif; font-size: 11pt;\"> GAMAUF (GAM)<\/strong><\/p>\n<p><span style=\"font-family: Arial, Helvetica, sans-serif; font-size: 11pt;\">F\u00e4cher: E, SP<\/span><\/p>\n<p>Erasmus +<\/p>\n<hr \/>\n<p><img loading=\"lazy\" decoding=\"async\" class=\"wp-image-11323 alignleft\" src=\"https:\/\/grg21oe.at\/wp-content\/uploads\/2026\/01\/gla-Photoroom.jpg\" alt=\"\" width=\"110\" height=\"169\" \/><\/p>\n<div id=\"text-position\">\n<p>Dr. Margarethe <strong> GLAC (GLA)<\/strong>, BA<\/p>\n<p>F\u00e4cher: D, SP<\/p>\n<p>Kustodiat SP, DAZ-Koordination<\/p>\n<\/div>\n<hr \/>\n<p><img loading=\"lazy\" decoding=\"async\" class=\"wp-image-11324 alignleft\" src=\"https:\/\/grg21oe.at\/wp-content\/uploads\/2026\/01\/got-Photoroom.jpg\" alt=\"\" width=\"104\" height=\"161\" \/><span style=\"font-family: Arial, Helvetica, sans-serif; font-size: 11pt;\">Mag. Monika <\/span><strong style=\"font-family: Arial, Helvetica, sans-serif; font-size: 11pt;\"> GOTTZY (GOT)<\/strong><\/p>\n<p><span style=\"font-family: Arial, Helvetica, sans-serif; font-size: 11pt;\">F\u00e4cher: M, PH<\/span><\/p>\n<p><span style=\"font-family: Arial, Helvetica, sans-serif; font-size: 11pt;\">Co-Administration, Kustodiat PH, Sicherheitsvertrauensperson<\/span><\/p>\n<hr \/>\n<p><img loading=\"lazy\" decoding=\"async\" class=\"full-size wp-image-11325 alignleft\" src=\"https:\/\/grg21oe.at\/wp-content\/uploads\/2026\/01\/gru-scaled-Photoroom.jpg\" alt=\"\" width=\"115\" height=\"163\" srcset=\"https:\/\/grg21oe.at\/wp-content\/uploads\/2026\/01\/gru-scaled-Photoroom.jpg 688w, https:\/\/grg21oe.at\/wp-content\/uploads\/2026\/01\/gru-scaled-Photoroom-211x300.jpg 211w, https:\/\/grg21oe.at\/wp-content\/uploads\/2026\/01\/gru-scaled-Photoroom-580x824.jpg 580w\" sizes=\"(max-width: 115px) 100vw, 115px\" \/><\/p>\n<div id=\"text-position\">\n<p>Mag. Andreia-Cezara <strong> GRUBER (GRA)<\/strong><\/p>\n<p>F\u00e4cher: CH, PP<\/p>\n<\/div>\n<p>&nbsp;<\/p>\n<hr \/>\n<p><img loading=\"lazy\" decoding=\"async\" class=\"wp-image-11326 alignleft\" src=\"https:\/\/grg21oe.at\/wp-content\/uploads\/2026\/01\/Groesel-225x300-Photoroom.jpg\" alt=\"\" width=\"118\" height=\"168\" \/><\/p>\n<div id=\"text-position\">\n<p>MMag. Lukas <strong> GR\u00d6SEL (GRO)<\/strong><\/p>\n<p>F\u00e4cher: PH, BSK<\/p>\n<p>Schulbuchaktion<\/p>\n<\/div>\n<hr \/>\n<p><img loading=\"lazy\" decoding=\"async\" class=\"wp-image-11327 alignleft\" src=\"https:\/\/grg21oe.at\/wp-content\/uploads\/2026\/01\/gru-Photoroom.jpg\" alt=\"\" width=\"116\" height=\"164\" \/><\/p>\n<p><span style=\"font-family: Arial, Helvetica, sans-serif; font-size: 11pt;\">Mag. Raphael <\/span><strong style=\"font-family: Arial, Helvetica, sans-serif; font-size: 11pt;\"> GR\u00dcNEIS-KIRSCHNER (GRU)<\/strong><\/p>\n<p><span style=\"font-family: Arial, Helvetica, sans-serif; font-size: 11pt;\">F\u00e4cher: GWB, PP, Ethik<\/span><\/p>\n<p><span style=\"font-family: Arial, Helvetica, sans-serif; font-size: 11pt;\">Personalvertretung, <\/span><span style=\"font-family: Arial, Helvetica, sans-serif; font-size: 11pt;\">Koordination PP<\/span><\/p>\n<hr \/>\n<p><img loading=\"lazy\" decoding=\"async\" class=\"wp-image-11328 alignleft\" src=\"https:\/\/grg21oe.at\/wp-content\/uploads\/2026\/01\/kir-Photoroom.jpg\" alt=\"\" width=\"126\" height=\"190\" \/><span style=\"font-family: Arial, Helvetica, sans-serif; font-size: 11pt;\">Mag. Veronika <\/span><strong style=\"font-family: Arial, Helvetica, sans-serif; font-size: 11pt;\">GR\u00dcNEIS-KIRSCHNER (GKV)<\/strong><\/p>\n<p><span style=\"font-family: Arial, Helvetica, sans-serif; font-size: 11pt;\">F\u00e4cher: D, PP<\/span><\/p>\n<p><span style=\"font-family: Arial, Helvetica, sans-serif; font-size: 11pt;\">MIKA-D, ABA-Koordination, Tag der Offenen T\u00fcr\u00a0 \u00a0 \u00a0 \u00a0 \u00a0 \u00a0 \u00a0 \u00a0 \u00a0 \u00a0 \u00a0 \u00a0 <\/span><em><span style=\"font-family: Arial, Helvetica, sans-serif; font-size: 11pt;\">aktuell in Karenz<\/span><\/em><\/p>\n<hr \/>\n<p><img loading=\"lazy\" decoding=\"async\" class=\"wp-image-11329 alignleft\" src=\"https:\/\/grg21oe.at\/wp-content\/uploads\/2026\/01\/guk-Photoroom.jpg\" alt=\"\" width=\"130\" height=\"163\" \/><\/p>\n<div id=\"text-position\">\n<p>Mag. Katrin <strong> GUTWENGER (GUK) <\/strong><\/p>\n<p>F\u00e4cher: MU, GWB<\/p>\n<\/div>\n<p>&nbsp;<\/p>\n<hr \/>\n<p><img loading=\"lazy\" decoding=\"async\" class=\"wp-image-11330 alignleft\" src=\"https:\/\/grg21oe.at\/wp-content\/uploads\/2026\/01\/has-Photoroom.jpg\" alt=\"\" width=\"115\" height=\"169\" \/><\/p>\n<p><span style=\"font-family: Arial, Helvetica, sans-serif; font-size: 11pt;\">Sophia <\/span><strong style=\"font-family: Arial, Helvetica, sans-serif; font-size: 11pt;\"> H\u00c4MMERLE (HAS),\u00a0<\/strong><span style=\"font-family: Arial, Helvetica, sans-serif; font-size: 11pt;\"> BEd, BSc<\/span><\/p>\n<p><span style=\"font-family: Arial, Helvetica, sans-serif; font-size: 11pt;\">F\u00e4cher: BIUB, PP<\/span><\/p>\n<p><span style=\"font-family: Arial, Helvetica, sans-serif; font-size: 11pt;\">Kinderschutzkonzept, Sch\u00fcler*innenberatung<\/span><\/p>\n<hr \/>\n<p><img loading=\"lazy\" decoding=\"async\" class=\" wp-image-5795 alignleft\" src=\"https:\/\/grg21oe.at\/wp-content\/uploads\/2024\/11\/hed-scaled.jpg\" alt=\"\" width=\"118\" height=\"176\" \/><\/p>\n<div id=\"text-position\">\n<p>Mag. Doris<strong> HEISS (HED)<\/strong><\/p>\n<p>F\u00e4cher: D, GPB<\/p>\n<\/div>\n<p>&nbsp;<\/p>\n<p>&nbsp;<\/p>\n<hr \/>\n<p><img loading=\"lazy\" decoding=\"async\" class=\" wp-image-5795 alignleft\" src=\"https:\/\/grg21oe.at\/wp-content\/uploads\/2025\/10\/hol.jpg\" alt=\"\" width=\"121\" height=\"171\" \/><\/p>\n<div id=\"text-position\">\n<p>Mag. Ingrid<strong> HOLB\u00d6CK (HOL)<\/strong><\/p>\n<p>F\u00e4cher: E, F<\/p>\n<\/div>\n<p>&nbsp;<\/p>\n<hr \/>\n<p><img loading=\"lazy\" decoding=\"async\" class=\"wp-image-11333 alignleft\" src=\"https:\/\/grg21oe.at\/wp-content\/uploads\/2026\/01\/INES-HOLLER-scaled-Photoroom-770x1024.jpg\" alt=\"\" width=\"126\" height=\"168\" srcset=\"https:\/\/grg21oe.at\/wp-content\/uploads\/2026\/01\/INES-HOLLER-scaled-Photoroom-770x1024.jpg 770w, https:\/\/grg21oe.at\/wp-content\/uploads\/2026\/01\/INES-HOLLER-scaled-Photoroom-225x300.jpg 225w, https:\/\/grg21oe.at\/wp-content\/uploads\/2026\/01\/INES-HOLLER-scaled-Photoroom-768x1022.jpg 768w, https:\/\/grg21oe.at\/wp-content\/uploads\/2026\/01\/INES-HOLLER-scaled-Photoroom-580x772.jpg 580w, https:\/\/grg21oe.at\/wp-content\/uploads\/2026\/01\/INES-HOLLER-scaled-Photoroom-820x1091.jpg 820w, https:\/\/grg21oe.at\/wp-content\/uploads\/2026\/01\/INES-HOLLER-scaled-Photoroom.jpg 853w\" sizes=\"(max-width: 126px) 100vw, 126px\" \/><\/p>\n<div id=\"text-position\">\n<p>MMag. Ines<strong> HOLLER (HOI)<\/strong><\/p>\n<p>F\u00e4cher: F, SP, BSM<\/p>\n<p>SGA<\/p>\n<p><em>aktuell in Karenz<\/em><\/p>\n<\/div>\n<hr \/>\n<p><img loading=\"lazy\" decoding=\"async\" class=\"wp-image-11334 alignleft\" src=\"https:\/\/grg21oe.at\/wp-content\/uploads\/2026\/01\/her-Photoroom.jpg\" alt=\"\" width=\"126\" height=\"180\" \/><\/p>\n<p><span style=\"font-family: Arial, Helvetica, sans-serif; font-size: 11pt;\">Erwin<\/span><strong style=\"font-family: Arial, Helvetica, sans-serif; font-size: 11pt;\"> HOLZHAUSER (HER)<\/strong><span style=\"font-family: Arial, Helvetica, sans-serif; font-size: 11pt;\">, BSc, MEd<\/span><\/p>\n<p><span style=\"font-family: Arial, Helvetica, sans-serif; font-size: 11pt;\">F\u00e4cher: INF, GWB<\/span><\/p>\n<p><span style=\"font-family: Arial, Helvetica, sans-serif; font-size: 11pt;\">IT-Manager, IT-Helpdesk, Bildungs- und Berufsorientierungskoordination<\/span><\/p>\n<hr \/>\n<p><img loading=\"lazy\" decoding=\"async\" class=\"wp-image-11335 alignleft\" src=\"https:\/\/grg21oe.at\/wp-content\/uploads\/2026\/01\/DSC_0614-200x300-Photoroom.jpg\" alt=\"\" width=\"118\" height=\"162\" \/><\/p>\n<div id=\"text-position\">\n<p>Tatjana <strong> HOLZHOFER <\/strong><strong style=\"font-size: 11pt;\">(HTA)<\/strong><strong style=\"font-size: 11pt;\">, <\/strong>BEd, MEd<\/p>\n<p>F\u00e4cher: M, PP<\/p>\n<p>Tag der Offenen T\u00fcr, Adventfest, Team-Oberstufentag<\/p>\n<\/div>\n<hr \/>\n<p><img loading=\"lazy\" decoding=\"async\" class=\"wp-image-11337 alignleft\" src=\"https:\/\/grg21oe.at\/wp-content\/uploads\/2026\/01\/Edina-Hornyak-Photoroom.jpg\" alt=\"\" width=\"139\" height=\"189\" srcset=\"https:\/\/grg21oe.at\/wp-content\/uploads\/2026\/01\/Edina-Hornyak-Photoroom.jpg 700w, https:\/\/grg21oe.at\/wp-content\/uploads\/2026\/01\/Edina-Hornyak-Photoroom-221x300.jpg 221w, https:\/\/grg21oe.at\/wp-content\/uploads\/2026\/01\/Edina-Hornyak-Photoroom-580x788.jpg 580w\" sizes=\"(max-width: 139px) 100vw, 139px\" \/><\/p>\n<div id=\"text-position\">\n<p>MMag. Dr. Edina <strong> HORNYAK (HOR)<\/strong><\/p>\n<p>F\u00e4cher: GPB, WIS, DAZ<\/p>\n<p>SGA<\/p>\n<\/div>\n<hr \/>\n<p><img loading=\"lazy\" decoding=\"async\" class=\"wp-image-11338 alignleft\" src=\"https:\/\/grg21oe.at\/wp-content\/uploads\/2026\/01\/huc-Photoroom.jpg\" alt=\"\" width=\"129\" height=\"177\" \/><\/p>\n<div id=\"text-position\">\n<p>Mag. Viktoria <strong> HUCIK (HUC)<\/strong><\/p>\n<p>F\u00e4cher: BIUB, SP<\/p>\n<p>Kustodiat BIUB, Sicherheitsvertrauensperson<\/p>\n<\/div>\n<hr \/>\n<p><img loading=\"lazy\" decoding=\"async\" class=\"wp-image-11339 alignleft\" src=\"https:\/\/grg21oe.at\/wp-content\/uploads\/2026\/01\/huk-Photoroom.jpg\" alt=\"\" width=\"124\" height=\"164\" \/><\/p>\n<div id=\"text-position\">\n<p>Mag. Klaus <strong> HUMENBERGER (HUK)<\/strong><\/p>\n<p>F\u00e4cher: MU, PP<\/p>\n<p>SGA<\/p>\n<\/div>\n<hr \/>\n<p><img loading=\"lazy\" decoding=\"async\" class=\"wp-image-11340 alignleft\" src=\"https:\/\/grg21oe.at\/wp-content\/uploads\/2026\/01\/jor-Photoroom.jpg\" alt=\"\" width=\"146\" height=\"169\" \/><span style=\"font-family: Arial, Helvetica, sans-serif; font-size: 11pt;\">MMag. Dr. Martin <\/span><strong style=\"font-family: Arial, Helvetica, sans-serif; font-size: 11pt;\"> JORDE (JOR)<\/strong><\/p>\n<p><span style=\"font-family: Arial, Helvetica, sans-serif; font-size: 11pt;\">F\u00e4cher: GPB, BSK, SPOWI<\/span><\/p>\n<p><span style=\"font-family: Arial, Helvetica, sans-serif; font-size: 11pt;\">Erste Hilfe, Sch\u00fclerliga Fu\u00dfball K, Gesundheitsf\u00f6rderung<\/span><\/p>\n<\/div>\n<\/div>\n<div class=\"cmsms_column one_third\">\n<div class=\"cmsms_text\">\n<h2 style=\"text-align: center;\"><span style=\"color: #3366ff;\"><strong>K &#8211; P<\/strong><\/span><\/h2>\n<hr \/>\n<p><img loading=\"lazy\" decoding=\"async\" class=\"wp-image-11341 alignleft\" src=\"https:\/\/grg21oe.at\/wp-content\/uploads\/2026\/01\/kai-Photoroom.jpg\" alt=\"\" width=\"108\" height=\"161\" \/><\/p>\n<div id=\"text-position\">\n<p>Mag. Samuel <strong>KAIN (KAI)<\/strong><\/p>\n<p>F\u00e4cher: KuG, TD_TE<\/p>\n<p>Schulbuchaktion<\/p>\n<\/div>\n<hr \/>\n<p><img loading=\"lazy\" decoding=\"async\" class=\"wp-image-11342 alignleft\" src=\"https:\/\/grg21oe.at\/wp-content\/uploads\/2026\/01\/KAY-Photoroom-727x1024.jpg\" alt=\"\" width=\"112\" height=\"158\" srcset=\"https:\/\/grg21oe.at\/wp-content\/uploads\/2026\/01\/KAY-Photoroom-727x1024.jpg 727w, https:\/\/grg21oe.at\/wp-content\/uploads\/2026\/01\/KAY-Photoroom-213x300.jpg 213w, https:\/\/grg21oe.at\/wp-content\/uploads\/2026\/01\/KAY-Photoroom-768x1082.jpg 768w, https:\/\/grg21oe.at\/wp-content\/uploads\/2026\/01\/KAY-Photoroom-580x817.jpg 580w, https:\/\/grg21oe.at\/wp-content\/uploads\/2026\/01\/KAY-Photoroom-820x1155.jpg 820w, https:\/\/grg21oe.at\/wp-content\/uploads\/2026\/01\/KAY-Photoroom.jpg 841w\" sizes=\"(max-width: 112px) 100vw, 112px\" \/><\/p>\n<div id=\"text-position\">\n<p>Mag. Margit <strong>KAYA (KAY)<\/strong><\/p>\n<p>F\u00e4cher: E, DAZ<\/p>\n<p>Erasmus+<\/p>\n<\/div>\n<hr \/>\n<p><img loading=\"lazy\" decoding=\"async\" class=\"wp-image-11343 alignleft\" src=\"https:\/\/grg21oe.at\/wp-content\/uploads\/2026\/01\/kat-Photoroom.jpg\" alt=\"\" width=\"123\" height=\"161\" \/><\/p>\n<p><span style=\"font-family: Arial, Helvetica, sans-serif; font-size: 11pt;\">Mag. Sascha <\/span><strong style=\"font-family: Arial, Helvetica, sans-serif; font-size: 11pt;\">KATZENSCHLAGER (KAT)<\/strong><\/p>\n<p><span style=\"font-family: Arial, Helvetica, sans-serif; font-size: 11pt;\">F\u00e4cher: GPB, BSK<\/span><\/p>\n<p><span style=\"font-family: Arial, Helvetica, sans-serif; font-size: 11pt;\">Kustodiat BSK<\/span><\/p>\n<hr \/>\n<p>&nbsp;<\/p>\n<p><span style=\"font-family: Arial, Helvetica, sans-serif; font-size: 11pt;\"><img loading=\"lazy\" decoding=\"async\" class=\" wp-image-11344 alignleft\" src=\"https:\/\/grg21oe.at\/wp-content\/uploads\/2026\/01\/kst-Photoroom.jpg\" alt=\"\" width=\"96\" height=\"137\" \/><\/span><span style=\"font-family: Arial, Helvetica, sans-serif; font-size: 11pt;\">Mag. Stefanie\u00a0<\/span><strong style=\"font-family: Arial, Helvetica, sans-serif; font-size: 11pt;\">KATZENSCHLAGER (KST)<\/strong><\/p>\n<p><span style=\"font-family: Arial, Helvetica, sans-serif; font-size: 14.6667px;\">F\u00e4cher: M, BSM<\/span><\/p>\n<p><span style=\"font-family: Arial, Helvetica, sans-serif; font-size: 11pt;\">Personalvertretung<\/span><\/p>\n<hr \/>\n<p><img loading=\"lazy\" decoding=\"async\" class=\"wp-image-11345 alignleft\" src=\"https:\/\/grg21oe.at\/wp-content\/uploads\/2026\/01\/kes-Photoroom.jpg\" alt=\"\" width=\"124\" height=\"172\" \/><\/p>\n<div id=\"text-position\">\n<p>Mag. Anja <strong>KESSLER (KES)<\/strong><\/p>\n<p>F\u00e4cher: D, PP<\/p>\n<\/div>\n<p>&nbsp;<\/p>\n<p>&nbsp;<\/p>\n<hr \/>\n<p><img loading=\"lazy\" decoding=\"async\" class=\"wp-image-11346 alignleft\" src=\"https:\/\/grg21oe.at\/wp-content\/uploads\/2026\/01\/kit-Photoroom.jpg\" alt=\"\" width=\"115\" height=\"174\" \/><\/p>\n<p><span style=\"font-family: Arial, Helvetica, sans-serif; font-size: 11pt;\">Mag. Michael <\/span><strong style=\"font-family: Arial, Helvetica, sans-serif; font-size: 11pt;\"> KITL (KIT)<\/strong><\/p>\n<p><span style=\"font-family: Arial, Helvetica, sans-serif; font-size: 11pt;\">F\u00e4cher: GWB, IT, Ethik, DAZ<\/span><\/p>\n<p><span style=\"font-family: Arial, Helvetica, sans-serif; font-size: 11pt;\">Seniorbotschafter EP, Erasmus+, <\/span><span style=\"font-family: Arial, Helvetica, sans-serif; font-size: 11pt;\">Nachmittagsbetreuung, <\/span><span style=\"font-family: Arial, Helvetica, sans-serif; font-size: 11pt;\">Berufsorientierung, Schulsprecher*innenwahl, Sportfest<\/span><\/p>\n<hr \/>\n<p><img loading=\"lazy\" decoding=\"async\" class=\"wp-image-11347 alignleft\" src=\"https:\/\/grg21oe.at\/wp-content\/uploads\/2026\/01\/kla-Photoroom.jpg\" alt=\"\" width=\"121\" height=\"167\" \/><\/p>\n<p>&nbsp;<\/p>\n<p><span style=\"font-family: Arial, Helvetica, sans-serif; font-size: 11pt;\">Mag. Sabine <\/span><strong style=\"font-family: Arial, Helvetica, sans-serif; font-size: 11pt;\"> KLAUS (KLA)<\/strong><\/p>\n<p><span style=\"font-family: Arial, Helvetica, sans-serif; font-size: 11pt;\">F\u00e4cher: RK, BSM<\/span><\/p>\n<p><span style=\"font-family: Arial, Helvetica, sans-serif; font-size: 11pt;\">Gottesdienst<\/span><\/p>\n<hr \/>\n<p><img loading=\"lazy\" decoding=\"async\" class=\"wp-image-11348 alignleft\" src=\"https:\/\/grg21oe.at\/wp-content\/uploads\/2026\/01\/Viktoria-Kneissl-scaled-Photoroom-700x1024.jpg\" alt=\"\" width=\"121\" height=\"177\" srcset=\"https:\/\/grg21oe.at\/wp-content\/uploads\/2026\/01\/Viktoria-Kneissl-scaled-Photoroom-700x1024.jpg 700w, https:\/\/grg21oe.at\/wp-content\/uploads\/2026\/01\/Viktoria-Kneissl-scaled-Photoroom-205x300.jpg 205w, https:\/\/grg21oe.at\/wp-content\/uploads\/2026\/01\/Viktoria-Kneissl-scaled-Photoroom-580x849.jpg 580w, https:\/\/grg21oe.at\/wp-content\/uploads\/2026\/01\/Viktoria-Kneissl-scaled-Photoroom.jpg 733w\" sizes=\"(max-width: 121px) 100vw, 121px\" \/><\/p>\n<div id=\"text-position\">\n<p>Viktoria <strong> KNEISSL (KNE)<\/strong>, MEd<\/p>\n<p>F\u00e4cher: BSM, MU<\/p>\n<\/div>\n<p>&nbsp;<\/p>\n<hr \/>\n<p><img loading=\"lazy\" decoding=\"async\" class=\"wp-image-11349 alignleft\" src=\"https:\/\/grg21oe.at\/wp-content\/uploads\/2026\/01\/Lea-Susanne-Rauscher-Kery-200x300-Photoroom.jpg\" alt=\"\" width=\"119\" height=\"167\" \/><span style=\"font-family: Arial, Helvetica, sans-serif; font-size: 11pt;\">Lea Susanne <\/span><strong style=\"font-family: Arial, Helvetica, sans-serif; font-size: 11pt;\"> KOHL (KLE)<\/strong><span style=\"font-family: Arial, Helvetica, sans-serif; font-size: 11pt;\">, BEd, MEd<\/span><\/p>\n<p><span style=\"font-family: Arial, Helvetica, sans-serif; font-size: 11pt;\">F\u00e4cher: D, PP<\/span><\/p>\n<p><span style=\"font-family: Arial, Helvetica, sans-serif; font-size: 11pt;\">Personalvertretung, Tag der Offenen T\u00fcr<\/span><\/p>\n<hr \/>\n<p><img loading=\"lazy\" decoding=\"async\" class=\"wp-image-11350 alignleft\" src=\"https:\/\/grg21oe.at\/wp-content\/uploads\/2026\/01\/kol-Photoroom.jpg\" alt=\"\" width=\"119\" height=\"166\" \/><\/p>\n<p>&nbsp;<\/p>\n<p><span style=\"font-family: Arial, Helvetica, sans-serif; font-size: 11pt;\">Mag. Daniela <\/span><strong style=\"font-family: Arial, Helvetica, sans-serif; font-size: 11pt;\"> KOLLER (KOL)<\/strong><\/p>\n<p><span style=\"font-family: Arial, Helvetica, sans-serif; font-size: 11pt;\">F\u00e4cher: M, PP<\/span><\/p>\n<p>&nbsp;<\/p>\n<hr \/>\n<p><img loading=\"lazy\" decoding=\"async\" class=\"wp-image-11297 alignleft\" style=\"font-family: Arial, Helvetica, sans-serif; font-size: 11pt;\" src=\"https:\/\/grg21oe.at\/wp-content\/uploads\/2026\/01\/KOP-770x1024.jpg\" alt=\"\" width=\"116\" height=\"154\" \/><\/p>\n<div id=\"text-position\">\n<p><span style=\"font-size: 11pt;\">Tina <\/span><strong style=\"font-size: 11pt;\"> KOPPENSTEINER (KOP), <\/strong><span style=\"font-size: 11pt;\">BEd<\/span><\/p>\n<p><span style=\"font-size: 11pt;\">F\u00e4cher: E, GPB<\/span><\/p>\n<\/div>\n<p>&nbsp;<\/p>\n<hr \/>\n<p><img loading=\"lazy\" decoding=\"async\" class=\"wp-image-11354 alignleft\" src=\"https:\/\/grg21oe.at\/wp-content\/uploads\/2026\/01\/Antonia-Krammer-3-200x300-Photoroom.jpg\" alt=\"\" width=\"118\" height=\"159\" \/><span style=\"font-family: Arial, Helvetica, sans-serif; font-size: 11pt;\">Mag. Antonia <\/span><strong style=\"font-family: Arial, Helvetica, sans-serif; font-size: 11pt;\"> KRAMMER (KRA)<\/strong><\/p>\n<p><span style=\"font-family: Arial, Helvetica, sans-serif; font-size: 11pt;\">F\u00e4cher: D, F<\/span><\/p>\n<p><span style=\"font-family: Arial, Helvetica, sans-serif; font-size: 11pt;\">Kinderschutzkonzept, Theater der Jugend, Sprachsensibler Unterricht<\/span><\/p>\n<hr \/>\n<p><img loading=\"lazy\" decoding=\"async\" class=\"wp-image-11355 alignleft\" src=\"https:\/\/grg21oe.at\/wp-content\/uploads\/2026\/01\/krs-1-Photoroom.jpg\" alt=\"\" width=\"121\" height=\"173\" \/><span style=\"font-family: Arial, Helvetica, sans-serif; font-size: 11pt;\">Mag. Silvia <\/span><strong style=\"font-family: Arial, Helvetica, sans-serif; font-size: 11pt;\"> KREINER (KRS)<\/strong><\/p>\n<p><span style=\"font-family: Arial, Helvetica, sans-serif; font-size: 11pt;\">F\u00e4cher: E, BSM<\/span><\/p>\n<p><span style=\"font-family: Arial, Helvetica, sans-serif; font-size: 11pt;\">Basketball Sch\u00fclerliga, Koordination Sprachwettbewerb Englisch, Erasmus +<\/span><\/p>\n<hr \/>\n<div id=\"text-position\">\n<p><img loading=\"lazy\" decoding=\"async\" class=\" wp-image-11370 alignleft\" src=\"https:\/\/grg21oe.at\/wp-content\/uploads\/2026\/01\/Krisper-222x300-Photoroom.jpg\" alt=\"\" width=\"86\" height=\"119\" \/><span style=\"font-size: 11pt;\">MMag. Maria <\/span><strong style=\"font-size: 11pt;\">KRISPER (KRI)<\/strong><\/p>\n<p><span style=\"font-size: 11pt;\">F\u00e4cher: TD_TE, KuG<\/span><\/p>\n<p><span style=\"font-size: 11pt;\">Blackout-Team<\/span><\/p>\n<hr \/>\n<p><img loading=\"lazy\" decoding=\"async\" class=\"wp-image-11356 alignleft\" src=\"https:\/\/grg21oe.at\/wp-content\/uploads\/2026\/01\/KUJAN_HP-200x300-Photoroom.jpg\" alt=\"\" width=\"111\" height=\"146\" \/><span style=\"font-size: 11pt;\">Mag. Nicoline Maria <\/span><strong style=\"font-size: 11pt;\"> KUJAN (KUJ), <\/strong><span style=\"font-size: 11pt;\">BA, MA<\/span><\/p>\n<p><span style=\"font-size: 11pt;\">F\u00e4cher: D, GPB, DAZ<\/span><\/p>\n<p><span style=\"font-size: 11pt;\">Kinderschutzkonzept,\u00a0 \u00a0 \u00a0 \u00a0 \u00a0 \u00a0 MIKA-D, <\/span><em><span style=\"font-size: 11pt;\">aktuell in Karenz<\/span><\/em><\/p>\n<hr \/>\n<p><img loading=\"lazy\" decoding=\"async\" class=\" wp-image-5795 alignleft\" src=\"https:\/\/grg21oe.at\/wp-content\/uploads\/2024\/11\/leh.jpg\" alt=\"\" width=\"93\" height=\"137\" \/><\/p>\n<div id=\"text-position\">\n<p>Mag. Alexandra <strong>LEHR-HAAS (LEH)<\/strong><\/p>\n<p>F\u00e4cher: E, RUS<\/p>\n<\/div>\n<\/div>\n<div id=\"text-position\">\n<hr \/>\n<p><img loading=\"lazy\" decoding=\"async\" class=\"wp-image-11357 alignleft\" src=\"https:\/\/grg21oe.at\/wp-content\/uploads\/2026\/01\/LENGAUER_HP-200x300-Photoroom.jpg\" alt=\"\" width=\"114\" height=\"158\" \/><\/p>\n<p><span style=\"font-size: 11pt;\">Victoria <\/span><strong style=\"font-size: 11pt;\">LENGAUER (LEN), <\/strong>BEd<\/p>\n<p><span style=\"font-size: 11pt;\">F\u00e4cher: M, GWB<\/span><\/p>\n<p><span style=\"font-size: 11pt;\">Ansprechperson: Kinderschutzkonzept<\/span><\/p>\n<\/div>\n<div id=\"text-position\">\n<hr \/>\n<p><img loading=\"lazy\" decoding=\"async\" class=\"wp-image-11358 alignleft\" src=\"https:\/\/grg21oe.at\/wp-content\/uploads\/2026\/01\/LIB-Liball-Michaela-BE-GSP-26929-scaled-Photoroom.jpg\" alt=\"\" width=\"126\" height=\"154\" srcset=\"https:\/\/grg21oe.at\/wp-content\/uploads\/2026\/01\/LIB-Liball-Michaela-BE-GSP-26929-scaled-Photoroom.jpg 664w, https:\/\/grg21oe.at\/wp-content\/uploads\/2026\/01\/LIB-Liball-Michaela-BE-GSP-26929-scaled-Photoroom-245x300.jpg 245w, https:\/\/grg21oe.at\/wp-content\/uploads\/2026\/01\/LIB-Liball-Michaela-BE-GSP-26929-scaled-Photoroom-580x710.jpg 580w\" sizes=\"(max-width: 126px) 100vw, 126px\" \/><\/p>\n<div id=\"text-position\">\n<p>MMag. Michaela <strong>LIBALL (LIB)<\/strong><\/p>\n<p>F\u00e4cher: KuG, GPB<\/p>\n<p><em>aktuell in Karenz<\/em><\/p>\n<\/div>\n<hr \/>\n<p><img loading=\"lazy\" decoding=\"async\" class=\"size-full wp-image-5795 alignleft\" title=\"\" src=\"https:\/\/grg21oe.at\/wp-content\/uploads\/2022\/09\/Christa-Lung-scaled.jpg\" alt=\"\" width=\"105\" height=\"157\" \/><\/p>\n<div id=\"text-position\">\n<p>MMag. Christa <strong>LUNG (LUN)<\/strong><\/p>\n<p>F\u00e4cher: L, SP<\/p>\n<p>Latein-Olympiade<\/p>\n<\/div>\n<hr \/>\n<p><img loading=\"lazy\" decoding=\"async\" class=\"wp-image-11359 alignleft\" src=\"https:\/\/grg21oe.at\/wp-content\/uploads\/2026\/01\/IMG_2449-Photoroom.jpg\" alt=\"\" width=\"126\" height=\"163\" srcset=\"https:\/\/grg21oe.at\/wp-content\/uploads\/2026\/01\/IMG_2449-Photoroom.jpg 662w, https:\/\/grg21oe.at\/wp-content\/uploads\/2026\/01\/IMG_2449-Photoroom-233x300.jpg 233w, https:\/\/grg21oe.at\/wp-content\/uploads\/2026\/01\/IMG_2449-Photoroom-580x747.jpg 580w\" sizes=\"(max-width: 126px) 100vw, 126px\" \/><\/p>\n<div id=\"text-position\">\n<p>Benedikt <strong>MAIS (MAI), <\/strong>BEd, MEd<\/p>\n<p>F\u00e4cher: D, RK, GPB<\/p>\n<p>Gottesdienst<\/p>\n<\/div>\n<hr \/>\n<p><img loading=\"lazy\" decoding=\"async\" class=\"wp-image-11360 alignleft\" src=\"https:\/\/grg21oe.at\/wp-content\/uploads\/2026\/01\/Verena-Biffl-200x300-Photoroom.jpg\" alt=\"\" width=\"133\" height=\"182\" \/><span style=\"font-size: 11pt;\">Verena <\/span><strong style=\"font-size: 11pt;\">MACH (MAC), <\/strong><span style=\"font-size: 11pt;\">BEd, MEd<\/span><\/p>\n<p><span style=\"font-size: 11pt;\">F\u00e4cher: M, HOE<\/span><\/p>\n<p><span style=\"font-size: 11pt;\">SGA, Team-Wasserschule<\/span><\/p>\n<p><em>derzeit in Karenz\u00a0<\/em><\/p>\n<hr \/>\n<p><img loading=\"lazy\" decoding=\"async\" class=\"wp-image-11361 alignleft\" src=\"https:\/\/grg21oe.at\/wp-content\/uploads\/2026\/01\/mal-Photoroom.jpg\" alt=\"\" width=\"128\" height=\"166\" \/><\/p>\n<div id=\"text-position\">\n<p>Mag. Veronika <strong>MALY (MAL)<\/strong><\/p>\n<p>F\u00e4cher: KuG, TD_TE<\/p>\n<\/div>\n<\/div>\n<div id=\"text-position\">\n<hr \/>\n<p><img loading=\"lazy\" decoding=\"async\" class=\"wp-image-11362 alignleft\" src=\"https:\/\/grg21oe.at\/wp-content\/uploads\/2026\/01\/Michael-Mandl-scaled-e1662968493695-Photoroom.jpg\" alt=\"\" width=\"124\" height=\"158\" \/><\/p>\n<div id=\"text-position\">\n<p>Michael <strong>MANDL (MAN), <\/strong>BEd, MEd<\/p>\n<p>F\u00e4cher: BSK, GWB<\/p>\n<p>Sch\u00fclerliga Fu\u00dfball K, Sportfest<\/p>\n<\/div>\n<hr \/>\n<p><img loading=\"lazy\" decoding=\"async\" class=\" wp-image-5795 alignleft\" src=\"https:\/\/grg21oe.at\/wp-content\/uploads\/2024\/11\/mic-scaled.jpg\" alt=\"\" width=\"107\" height=\"161\" \/><\/p>\n<p><span style=\"font-size: 11pt;\">MMag. Silvia <\/span><strong style=\"font-size: 11pt;\">MICHELI (MIC)<\/strong><\/p>\n<p><span style=\"font-size: 11pt;\">F\u00e4cher: E, IT, FOTO, KreativNABE<\/span><\/p>\n<p><span style=\"font-size: 11pt;\">Tag der offenen T\u00fcr, Fotoprojekte<\/span><\/p>\n<\/div>\n<div id=\"text-position\">\n<hr \/>\n<p><img loading=\"lazy\" decoding=\"async\" class=\"wp-image-11363 alignleft\" src=\"https:\/\/grg21oe.at\/wp-content\/uploads\/2026\/01\/Bild2-221x300-Photoroom.jpg\" alt=\"\" width=\"126\" height=\"171\" \/><\/p>\n<p>&nbsp;<\/p>\n<p>Sabrina <strong>MICK (MSA)<\/strong>, BEd<\/p>\n<p>F\u00e4cher: D, GPB<\/p>\n<p>Website<\/p>\n<hr \/>\n<p><img loading=\"lazy\" decoding=\"async\" class=\"wp-image-11364 alignleft\" src=\"https:\/\/grg21oe.at\/wp-content\/uploads\/2026\/01\/mos-Photoroom.jpg\" alt=\"\" width=\"115\" height=\"162\" \/><\/p>\n<p><span style=\"font-size: 11pt;\">Mag. Silke <\/span><strong style=\"font-size: 11pt;\">MOSER (MOS)<\/strong><\/p>\n<p><span style=\"font-size: 11pt;\">F\u00e4cher: E<\/span><\/p>\n<p><span style=\"font-size: 11pt;\">Fairtrade-Projekt, Sicherheitsvertrauensperson<\/span><\/p>\n<hr \/>\n<p><img loading=\"lazy\" decoding=\"async\" class=\"wp-image-11365 alignleft\" src=\"https:\/\/grg21oe.at\/wp-content\/uploads\/2026\/01\/mun-Photoroom.jpg\" alt=\"\" width=\"129\" height=\"165\" \/><span style=\"font-size: 11pt;\">Mag. <\/span><span style=\"font-size: 11pt;\" data-olk-copy-source=\"MessageBody\">Helena Margarita Suleika <\/span><strong style=\"font-size: 11pt;\">MUNDSCHITZ (MUN)<\/strong><\/p>\n<p><span style=\"font-size: 11pt;\">F\u00e4cher: KuG, GBP<\/span><\/p>\n<p><span style=\"font-size: 11pt;\">Kultur Kontakt Austria, Gewerkschafts-Obfrau<\/span><\/p>\n<hr \/>\n<p><img loading=\"lazy\" decoding=\"async\" class=\"wp-image-11366 alignleft\" src=\"https:\/\/grg21oe.at\/wp-content\/uploads\/2026\/01\/NEU-Photoroom-738x1024.jpg\" alt=\"\" width=\"120\" height=\"166\" srcset=\"https:\/\/grg21oe.at\/wp-content\/uploads\/2026\/01\/NEU-Photoroom-738x1024.jpg 738w, https:\/\/grg21oe.at\/wp-content\/uploads\/2026\/01\/NEU-Photoroom-216x300.jpg 216w, https:\/\/grg21oe.at\/wp-content\/uploads\/2026\/01\/NEU-Photoroom-768x1066.jpg 768w, https:\/\/grg21oe.at\/wp-content\/uploads\/2026\/01\/NEU-Photoroom-580x805.jpg 580w, https:\/\/grg21oe.at\/wp-content\/uploads\/2026\/01\/NEU-Photoroom-820x1138.jpg 820w, https:\/\/grg21oe.at\/wp-content\/uploads\/2026\/01\/NEU-Photoroom.jpg 922w\" sizes=\"(max-width: 120px) 100vw, 120px\" \/><\/p>\n<div id=\"text-position\">\n<p>Mag. Bettina <strong>NEUSIEDLER (NEU)<\/strong><\/p>\n<p>F\u00e4cher: D, SP<\/p>\n<p>Personalvertretung<\/p>\n<\/div>\n<hr \/>\n<p><img loading=\"lazy\" decoding=\"async\" class=\"wp-image-11367 alignleft\" src=\"https:\/\/grg21oe.at\/wp-content\/uploads\/2026\/01\/ond-Photoroom.jpg\" alt=\"\" width=\"121\" height=\"155\" \/><\/p>\n<div id=\"text-position\">\n<p>Mag. Klaus <strong>ONDRA (OND)<\/strong><\/p>\n<p>F\u00e4cher: D, GBP<\/p>\n<p>Kustodiat AV, Darstellendes Spiel<\/p>\n<\/div>\n<hr \/>\n<p><img loading=\"lazy\" decoding=\"async\" class=\"wp-image-11398 alignleft\" src=\"https:\/\/grg21oe.at\/wp-content\/uploads\/2026\/01\/pas-Photoroom.jpg\" alt=\"\" width=\"142\" height=\"182\" \/><\/p>\n<div id=\"text-position\">\n<p>Mag. Anja <strong>PASTER (PAS)<\/strong><\/p>\n<p>F\u00e4cher: M, BIUB, BSM<\/p>\n<p>SGA<\/p>\n<p>&nbsp;<\/p>\n<\/div>\n<hr \/>\n<p><img loading=\"lazy\" decoding=\"async\" class=\" wp-image-5795 alignleft\" src=\"https:\/\/grg21oe.at\/wp-content\/uploads\/2021\/02\/Pec.jpg\" alt=\"\" width=\"112\" height=\"169\" \/><\/p>\n<div id=\"text-position\">\n<p>Mag. Agnes <strong>PESCHTA (PES)<\/strong><\/p>\n<p>F\u00e4cher: KuG, TD_TE<\/p>\n<p>Kustodiat TD, Gewerkschaft<\/p>\n<\/div>\n<hr \/>\n<p><img loading=\"lazy\" decoding=\"async\" class=\"size-full wp-image-5795 alignleft\" src=\"https:\/\/grg21oe.at\/wp-content\/uploads\/2022\/10\/thumbnail_image0.png\" width=\"105\" height=\"157\" \/><\/p>\n<div id=\"text-position\">\n<p>Mag. Johanna <strong>PFLEGER (PFJ)<\/strong><\/p>\n<p>F\u00e4cher: E, MU<\/p>\n<p>Frauen*- und Gleichstellungsbeauftragte<\/p>\n<\/div>\n<hr \/>\n<p><img loading=\"lazy\" decoding=\"async\" class=\"wp-image-11351 alignleft\" src=\"https:\/\/grg21oe.at\/wp-content\/uploads\/2026\/01\/pij-Photoroom.jpg\" alt=\"\" width=\"139\" height=\"187\" \/><\/p>\n<p><span style=\"font-size: 11pt;\">Mag. Janina <\/span><strong style=\"font-size: 11pt;\">PILLICHSHAMMER (PIJ)<\/strong><\/p>\n<p><span style=\"font-size: 11pt;\">F\u00e4cher: M, GWB<\/span><\/p>\n<p><span style=\"font-size: 11pt;\">Berufsorientierung<\/span><\/p>\n<p><em><span style=\"font-size: 11pt;\">aktuell in Karenz<\/span><\/em><\/p>\n<hr \/>\n<p><img loading=\"lazy\" decoding=\"async\" class=\"wp-image-11352 alignleft\" src=\"https:\/\/grg21oe.at\/wp-content\/uploads\/2026\/03\/IMG_4046.png\" alt=\"\" width=\"131\" height=\"172\" \/><\/p>\n<p><span style=\"font-size: 11pt;\">Markus <\/span><strong style=\"font-size: 11pt;\">PILLICHSHAMMER (PMA),<\/strong><span style=\"font-size: 11pt;\"> MEd <\/span><\/p>\n<p><span style=\"font-size: 11pt;\">F\u00e4cher: BSK, GWB, DIGGB<\/span><\/p>\n<p><span style=\"font-size: 11pt;\">Website<\/span><\/p>\n<hr \/>\n<p><img loading=\"lazy\" decoding=\"async\" class=\"wp-image-11353 alignleft\" src=\"https:\/\/grg21oe.at\/wp-content\/uploads\/2026\/01\/pir-Photoroom-1.jpg\" alt=\"\" width=\"117\" height=\"153\" \/><\/p>\n<div id=\"text-position\">\n<p>Mag. Edith <strong>PIRINGER (PIR)<\/strong><\/p>\n<p>F\u00e4cher: HOE, BSM<\/p>\n<p>Team-Wasserschule<\/p>\n<p>&nbsp;<\/p>\n<\/div>\n<\/div>\n<hr \/>\n<p><img loading=\"lazy\" decoding=\"async\" class=\"wp-image-11408 alignleft\" src=\"https:\/\/grg21oe.at\/wp-content\/uploads\/2026\/01\/Peier-Photoroom.jpg\" alt=\"\" width=\"132\" height=\"176\" srcset=\"https:\/\/grg21oe.at\/wp-content\/uploads\/2026\/01\/Peier-Photoroom.jpg 744w, https:\/\/grg21oe.at\/wp-content\/uploads\/2026\/01\/Peier-Photoroom-226x300.jpg 226w, https:\/\/grg21oe.at\/wp-content\/uploads\/2026\/01\/Peier-Photoroom-580x769.jpg 580w\" sizes=\"(max-width: 132px) 100vw, 132px\" \/>Sarah <strong>PLEIER (PLS) <\/strong>BA, MEd<\/p>\n<p>F\u00e4cher: KuG, TD_TX<\/p>\n<div id=\"text-position\">\n<hr \/>\n<p><img loading=\"lazy\" decoding=\"async\" class=\" wp-image-5795 alignleft\" src=\"https:\/\/grg21oe.at\/wp-content\/uploads\/2021\/02\/sca.jpg\" alt=\"\" width=\"126\" height=\"190\" \/><\/p>\n<p>&nbsp;<\/p>\n<p><span style=\"font-size: 11pt;\">Mag. Anna <\/span><strong style=\"font-size: 11pt;\">POKROPEK (PAN)<\/strong><\/p>\n<p><span style=\"font-size: 11pt;\">F\u00e4cher: E, F<\/span><\/p>\n<p><span style=\"font-size: 11pt;\">Q-SK<\/span><\/p>\n<hr \/>\n<p><img loading=\"lazy\" decoding=\"async\" class=\"wp-image-11368 alignleft\" src=\"https:\/\/grg21oe.at\/wp-content\/uploads\/2026\/01\/pon-Photoroom.jpg\" alt=\"\" width=\"130\" height=\"188\" \/><\/p>\n<p><span style=\"font-size: 11pt;\">Mag. Barbara <\/span><strong style=\"font-size: 11pt;\">PONGRACZ (PON)<\/strong><\/p>\n<p><span style=\"font-size: 11pt;\">F\u00e4cher: E, BIUB<\/span><\/p>\n<p><span style=\"font-size: 11pt;\">Kustodiat E, Sprachenzentrum<\/span><\/p>\n<p><em><span style=\"font-size: 11pt;\">aktuell in Karenz<\/span><\/em><\/p>\n<hr \/>\n<p><img loading=\"lazy\" decoding=\"async\" class=\"wp-image-11369 alignleft\" src=\"https:\/\/grg21oe.at\/wp-content\/uploads\/2026\/01\/PRI-Prindl-Konstantin-CHPHBIU6909-Photoroom.jpg\" alt=\"\" width=\"130\" height=\"179\" srcset=\"https:\/\/grg21oe.at\/wp-content\/uploads\/2026\/01\/PRI-Prindl-Konstantin-CHPHBIU6909-Photoroom.jpg 567w, https:\/\/grg21oe.at\/wp-content\/uploads\/2026\/01\/PRI-Prindl-Konstantin-CHPHBIU6909-Photoroom-218x300.jpg 218w\" sizes=\"(max-width: 130px) 100vw, 130px\" \/><\/p>\n<div id=\"text-position\">\n<p>Konstantin <strong>PRINDL (PRI), <\/strong>BEd, MEd<\/p>\n<p>F\u00e4cher: BIUB, CH, PH<\/p>\n<\/div>\n<\/div>\n<div id=\"text-position\">\n<hr \/>\n<\/div>\n<\/div>\n<\/div>\n<div class=\"cmsms_column one_third\">\n<div class=\"cmsms_text\">\n<h2 style=\"text-align: center;\"><span style=\"color: #3366ff;\"><strong>R &#8211; Z<\/strong><\/span><\/h2>\n<hr \/>\n<p><img loading=\"lazy\" decoding=\"async\" class=\"wp-image-11371 alignleft\" src=\"https:\/\/grg21oe.at\/wp-content\/uploads\/2026\/01\/qui-scaled-Photoroom.jpg\" alt=\"\" width=\"127\" height=\"162\" srcset=\"https:\/\/grg21oe.at\/wp-content\/uploads\/2026\/01\/qui-scaled-Photoroom.jpg 694w, https:\/\/grg21oe.at\/wp-content\/uploads\/2026\/01\/qui-scaled-Photoroom-236x300.jpg 236w, https:\/\/grg21oe.at\/wp-content\/uploads\/2026\/01\/qui-scaled-Photoroom-580x739.jpg 580w\" sizes=\"(max-width: 127px) 100vw, 127px\" \/><\/p>\n<div id=\"text-position\">\n<p>Florian <strong>QUINZ (QUI), <\/strong>BEd<\/p>\n<p>F\u00e4cher: BIUB, GWB<\/p>\n<p>Schulsprecher*innenwahl<\/p>\n<\/div>\n<hr \/>\n<p><img loading=\"lazy\" decoding=\"async\" class=\"wp-image-11372 alignleft\" src=\"https:\/\/grg21oe.at\/wp-content\/uploads\/2026\/01\/rab-Photoroom.jpg\" alt=\"\" width=\"105\" height=\"156\" \/><\/p>\n<div id=\"text-position\">\n<p>Mag. Tanja <strong>RABL (RAB)<\/strong><\/p>\n<p>F\u00e4cher: E, SP<\/p>\n<\/div>\n<p>&nbsp;<\/p>\n<hr \/>\n<p><img loading=\"lazy\" decoding=\"async\" class=\"wp-image-11373 alignleft\" src=\"https:\/\/grg21oe.at\/wp-content\/uploads\/2026\/01\/ras-Photoroom.jpg\" alt=\"\" width=\"107\" height=\"162\" \/><\/p>\n<div id=\"text-position\">\n<p>Mag. Wilhelm <strong>RASTNER (RAS)<\/strong><\/p>\n<p>F\u00e4cher: GWB, GPB<\/p>\n<\/div>\n<div id=\"text-position\"><\/div>\n<div><\/div>\n<hr \/>\n<p><img loading=\"lazy\" decoding=\"async\" class=\"size-full wp-image-5795 alignleft\" src=\"https:\/\/grg21oe.at\/wp-content\/uploads\/2024\/12\/ren.jpg\" alt=\"\" width=\"105\" height=\"157\" \/><\/p>\n<p>&nbsp;<\/p>\n<p><span style=\"font-family: Arial, Helvetica, sans-serif; font-size: 11pt;\">MMag. Katharina <\/span><strong style=\"font-family: Arial, Helvetica, sans-serif; font-size: 11pt;\">RENATH (REK)<\/strong><\/p>\n<p><span style=\"font-family: Arial, Helvetica, sans-serif; font-size: 11pt;\">F\u00e4cher: E, IT, BSM<\/span><\/p>\n<p><span style=\"font-family: Arial, Helvetica, sans-serif; font-size: 11pt;\">Kustodiat E, Shiatsu, Sch\u00fclerliga Volleyball<\/span><\/p>\n<hr \/>\n<p><img loading=\"lazy\" decoding=\"async\" class=\"wp-image-11374 alignleft\" src=\"https:\/\/grg21oe.at\/wp-content\/uploads\/2026\/01\/rie-Photoroom.jpg\" alt=\"\" width=\"134\" height=\"188\" \/><\/p>\n<p><span style=\"font-family: Arial, Helvetica, sans-serif; font-size: 11pt;\">MMag. Annelies <\/span><strong style=\"font-family: Arial, Helvetica, sans-serif; font-size: 11pt;\">RIEDIGER (RIE)<\/strong><\/p>\n<p><span style=\"font-family: Arial, Helvetica, sans-serif; font-size: 11pt;\">F\u00e4cher: E, PP, BIUB<\/span><\/p>\n<p><span style=\"font-family: Arial, Helvetica, sans-serif; font-size: 11pt;\">Offenes Lernen, Sprachenzentrum, Begabtenf\u00f6rderung, IKM+<\/span><\/p>\n<hr \/>\n<p><span style=\"font-family: Arial, Helvetica, sans-serif; font-size: 11pt;\"><img loading=\"lazy\" decoding=\"async\" class=\"wp-image-11375 alignleft\" src=\"https:\/\/grg21oe.at\/wp-content\/uploads\/2026\/01\/Bild_RIT_zugeschnitten-209x300-Photoroom.jpg\" alt=\"\" width=\"124\" height=\"158\" \/><\/span><\/p>\n<p>&nbsp;<\/p>\n<p><span style=\"font-family: Arial, Helvetica, sans-serif; font-size: 11pt;\">Mag. Aileen\u00a0 \u00a0 \u00a0 \u00a0 \u00a0 \u00a0 \u00a0 \u00a0 \u00a0 \u00a0 \u00a0 \u00a0 \u00a0 \u00a0 \u00a0 <\/span><strong style=\"font-family: Arial, Helvetica, sans-serif; font-size: 11pt;\">RITTER-PRIELER (RIT),\u00a0 \u00a0 \u00a0 \u00a0 \u00a0 <\/strong>Bsc, BA, MA<\/p>\n<p><span style=\"font-family: Arial, Helvetica, sans-serif; font-size: 11pt;\">F\u00e4cher: E, MU, DIGGB<\/span><\/p>\n<p>&nbsp;<\/p>\n<hr \/>\n<p><img loading=\"lazy\" decoding=\"async\" class=\"wp-image-11376 alignleft\" src=\"https:\/\/grg21oe.at\/wp-content\/uploads\/2026\/01\/ros-Photoroom.jpg\" alt=\"\" width=\"110\" height=\"153\" \/><\/p>\n<div id=\"text-position\">\n<p>Mag. Elisabeth <strong>ROSENKRANZ (ROS)<\/strong><\/p>\n<p>F\u00e4cher: D, E<\/p>\n<p>Bibliothek, Lesef\u00f6rderung<\/p>\n<\/div>\n<hr \/>\n<p><span style=\"font-family: Arial, Helvetica, sans-serif; font-size: 11pt;\"><img loading=\"lazy\" decoding=\"async\" class=\"wp-image-11377 alignleft\" src=\"https:\/\/grg21oe.at\/wp-content\/uploads\/2026\/01\/ANDREAS-SAGMEISTER-200x300-Photoroom.jpg\" alt=\"\" width=\"130\" height=\"175\" \/><\/span><\/p>\n<p>&nbsp;<\/p>\n<p><span style=\"font-family: Arial, Helvetica, sans-serif; font-size: 11pt;\">Mag. Andreas <\/span><strong style=\"font-family: Arial, Helvetica, sans-serif; font-size: 11pt;\">SAGMEISTER (SAG)<\/strong><\/p>\n<p><span style=\"font-family: Arial, Helvetica, sans-serif; font-size: 11pt;\">F\u00e4cher: KuG, TD_TE<\/span><\/p>\n<hr \/>\n<p><img loading=\"lazy\" decoding=\"async\" class=\"wp-image-11378 alignleft\" src=\"https:\/\/grg21oe.at\/wp-content\/uploads\/2026\/01\/Benedikt-Schmidbauer-1-scaled-Photoroom.jpg\" alt=\"\" width=\"123\" height=\"171\" srcset=\"https:\/\/grg21oe.at\/wp-content\/uploads\/2026\/01\/Benedikt-Schmidbauer-1-scaled-Photoroom.jpg 598w, https:\/\/grg21oe.at\/wp-content\/uploads\/2026\/01\/Benedikt-Schmidbauer-1-scaled-Photoroom-216x300.jpg 216w, https:\/\/grg21oe.at\/wp-content\/uploads\/2026\/01\/Benedikt-Schmidbauer-1-scaled-Photoroom-580x806.jpg 580w\" sizes=\"(max-width: 123px) 100vw, 123px\" \/><\/p>\n<div id=\"text-position\">\n<p>Benedikt <strong>SCHMIDBAUER (SBB), <\/strong>BEd, MEd<\/p>\n<p>F\u00e4cher: E, F<\/p>\n<p>Kinderschutzkonzept<\/p>\n<\/div>\n<hr \/>\n<p><img loading=\"lazy\" decoding=\"async\" class=\" wp-image-6411 alignleft\" src=\"https:\/\/grg21oe.at\/wp-content\/uploads\/2022\/09\/Paul-Schmiderer-scaled.jpeg\" alt=\"\" width=\"109\" height=\"164\" \/><\/p>\n<div id=\"text-position\">\n<p>Paul <strong>SCHMIDERER (SCP) <\/strong><\/p>\n<p>F\u00e4cher: PH, BSK<\/p>\n<\/div>\n<p>&nbsp;<\/p>\n<hr \/>\n<p><img loading=\"lazy\" decoding=\"async\" class=\"wp-image-11379 alignleft\" src=\"https:\/\/grg21oe.at\/wp-content\/uploads\/2026\/01\/sma-Photoroom.jpg\" alt=\"\" width=\"130\" height=\"169\" \/><\/p>\n<div id=\"text-position\">\n<p>Dipl.-Ing. Dr. Martin <strong>SCH\u00d6NHACKER (SMA) <\/strong><\/p>\n<p>F\u00e4cher: PH, INF<\/p>\n<p>Administration<\/p>\n<\/div>\n<hr \/>\n<p><img decoding=\"async\" class=\"size-full wp-image-5795 alignleft\" src=\"https:\/\/grg21oe.at\/wp-content\/uploads\/2024\/12\/sbe.jpg\" \/><\/p>\n<div id=\"text-position\">\n<p>Mag. Bettina <strong>SCHRICKER (SBE)<\/strong>, MSc<\/p>\n<p>F\u00e4cher: E, CH<\/p>\n<p>Gesundheitsf\u00f6rderung<\/p>\n<\/div>\n<hr \/>\n<p><img loading=\"lazy\" decoding=\"async\" class=\"wp-image-11380 alignleft\" src=\"https:\/\/grg21oe.at\/wp-content\/uploads\/2026\/01\/sta-Photoroom.jpg\" alt=\"\" width=\"124\" height=\"164\" \/><\/p>\n<div id=\"text-position\">\n<p>MMag. Sabine <strong>STARZER (STA) <\/strong><\/p>\n<p>F\u00e4cher: E, GWB<\/p>\n<p>SGA, Kinderschutzkonzept, PISA<\/p>\n<\/div>\n<hr \/>\n<p><img loading=\"lazy\" decoding=\"async\" class=\" wp-image-5795 alignleft\" src=\"https:\/\/grg21oe.at\/wp-content\/uploads\/2025\/10\/STOe.png\" alt=\"\" width=\"98\" height=\"147\" \/><\/p>\n<div id=\"text-position\">\n<p>Angelika <strong>ST\u00d6GER (STO), <\/strong>BEd<\/p>\n<p>F\u00e4cher: D, BIUB<\/p>\n<\/div>\n<p>&nbsp;<\/p>\n<hr \/>\n<p><img loading=\"lazy\" decoding=\"async\" class=\"wp-image-11381 alignleft\" src=\"https:\/\/grg21oe.at\/wp-content\/uploads\/2026\/01\/str-Photoroom.jpg\" alt=\"\" width=\"107\" height=\"161\" \/><\/p>\n<div id=\"text-position\">\n<p>Mag. Mark <strong>STRENGER (STR) <\/strong><\/p>\n<p>F\u00e4cher: M, GWB<\/p>\n<p>Sch\u00fcler*innenberatung, Erasmus+<\/p>\n<\/div>\n<hr \/>\n<p><img loading=\"lazy\" decoding=\"async\" class=\"wp-image-11382 alignleft\" src=\"https:\/\/grg21oe.at\/wp-content\/uploads\/2026\/01\/tem-Photoroom.jpg\" alt=\"\" width=\"105\" height=\"151\" \/><span style=\"font-family: Arial, Helvetica, sans-serif; font-size: 11pt;\">Mag. Ahu <\/span><strong style=\"font-family: Arial, Helvetica, sans-serif; font-size: 11pt;\">TEMIZSOY-KESKIN (TEM)<\/strong><\/p>\n<p><span style=\"font-family: Arial, Helvetica, sans-serif; font-size: 11pt;\">F\u00e4cher: D, PP<\/span><\/p>\n<p><em style=\"font-family: Arial, Helvetica, sans-serif; font-size: 11pt;\">aktuell in Karenz<\/em><\/p>\n<hr \/>\n<p><img loading=\"lazy\" decoding=\"async\" class=\"wp-image-11383 alignleft\" src=\"https:\/\/grg21oe.at\/wp-content\/uploads\/2026\/01\/thi-Photoroom.jpg\" alt=\"\" width=\"138\" height=\"160\" \/><\/p>\n<div id=\"text-position\">\n<p>MMag. Karina <strong>THIER (THI) <\/strong><\/p>\n<p>F\u00e4cher: KuG, TD_TE, Ethik<\/p>\n<p>Kustodiat KuG<\/p>\n<p>&nbsp;<\/p>\n<\/div>\n<hr \/>\n<p><img loading=\"lazy\" decoding=\"async\" class=\"wp-image-11384 alignleft\" src=\"https:\/\/grg21oe.at\/wp-content\/uploads\/2026\/01\/Tinhof-scaled-Photoroom.jpg\" alt=\"\" width=\"115\" height=\"154\" srcset=\"https:\/\/grg21oe.at\/wp-content\/uploads\/2026\/01\/Tinhof-scaled-Photoroom.jpg 693w, https:\/\/grg21oe.at\/wp-content\/uploads\/2026\/01\/Tinhof-scaled-Photoroom-224x300.jpg 224w, https:\/\/grg21oe.at\/wp-content\/uploads\/2026\/01\/Tinhof-scaled-Photoroom-580x777.jpg 580w\" sizes=\"(max-width: 115px) 100vw, 115px\" \/><span style=\"font-family: Arial, Helvetica, sans-serif; font-size: 11pt;\">Mag. Elena <\/span><strong style=\"font-family: Arial, Helvetica, sans-serif; font-size: 11pt;\">TINHOF (TIN)<\/strong><\/p>\n<p><span style=\"font-family: Arial, Helvetica, sans-serif; font-size: 11pt;\">F\u00e4cher: F, D, DIGGB,<\/span><\/p>\n<p><span style=\"font-family: Arial, Helvetica, sans-serif; font-size: 11pt;\">Kustodiat F, Lesef\u00f6rderung, <\/span><span style=\"font-family: Arial, Helvetica, sans-serif; font-size: 11pt;\" data-olk-copy-source=\"MessageBody\">Eduvidualmanagerin<\/span><\/p>\n<hr \/>\n<p><img loading=\"lazy\" decoding=\"async\" class=\"alignnone wp-image-7229 alignleft\" src=\"https:\/\/grg21oe.at\/wp-content\/uploads\/2022\/09\/Mohammed-Touati_neu-scaled.jpg\" alt=\"\" width=\"106\" height=\"158\" \/><span style=\"font-family: Arial, Helvetica, sans-serif; font-size: 11pt;\">Mohammed <\/span><strong style=\"font-family: Arial, Helvetica, sans-serif; font-size: 11pt;\"> TOUATI (TOU)<\/strong><span style=\"font-family: Arial, Helvetica, sans-serif; font-size: 11pt;\">, BEd, MEd<\/span><\/p>\n<p><span style=\"font-family: Arial, Helvetica, sans-serif; font-size: 11pt;\">F\u00e4cher: M, GPB<\/span><\/p>\n<p><span style=\"font-family: Arial, Helvetica, sans-serif; font-size: 11pt;\">Blackout-Team<\/span><\/p>\n<hr \/>\n<p><img loading=\"lazy\" decoding=\"async\" class=\"wp-image-11385 alignleft\" src=\"https:\/\/grg21oe.at\/wp-content\/uploads\/2026\/01\/tsc-Photoroom.jpg\" alt=\"\" width=\"124\" height=\"151\" \/><\/p>\n<div id=\"text-position\">\n<p>Mag. Barbara <strong>TSCHANNERL (TSC) <\/strong><\/p>\n<p>F\u00e4cher: E, KuG<\/p>\n<\/div>\n<p>&nbsp;<\/p>\n<hr \/>\n<p><img loading=\"lazy\" decoding=\"async\" class=\"wp-image-11386 alignleft\" src=\"https:\/\/grg21oe.at\/wp-content\/uploads\/2026\/01\/van-Photoroom.jpg\" alt=\"\" width=\"126\" height=\"173\" \/><\/p>\n<p>&nbsp;<\/p>\n<p><span style=\"font-family: Arial, Helvetica, sans-serif; font-size: 11pt;\">Mag. Isabella <\/span><strong style=\"font-family: Arial, Helvetica, sans-serif; font-size: 11pt;\">VAN DE MERWE-LOHN (VAN)<\/strong><\/p>\n<p><span style=\"font-family: Arial, Helvetica, sans-serif; font-size: 11pt;\">F\u00e4cher: E, BIUB<\/span><\/p>\n<p><span style=\"font-family: Arial, Helvetica, sans-serif; font-size: 11pt;\">Sprachenzentrum, IKM+<\/span><\/p>\n<hr \/>\n<p><img loading=\"lazy\" decoding=\"async\" class=\" wp-image-5795 alignleft\" src=\"https:\/\/grg21oe.at\/wp-content\/uploads\/2021\/02\/vet.jpg\" alt=\"\" width=\"110\" height=\"165\" \/><\/p>\n<div id=\"text-position\">\n<p>Mag. Andreas <strong>VET\u00d6 (VET) <\/strong><\/p>\n<p>F\u00e4cher: REV<\/p>\n<p>Gottesdienst<\/p>\n<\/div>\n<hr \/>\n<p><img loading=\"lazy\" decoding=\"async\" class=\" wp-image-5795 alignleft\" src=\"https:\/\/grg21oe.at\/wp-content\/uploads\/2024\/11\/vie-scaled.jpg\" alt=\"\" width=\"112\" height=\"168\" \/><\/p>\n<div id=\"text-position\">\n<p>David <strong>VIETHAUER (VIE), <\/strong>MSc<\/p>\n<p>F\u00e4cher: INF, DIGGB<\/p>\n<\/div>\n<p>&nbsp;<\/p>\n<hr \/>\n<p><img loading=\"lazy\" decoding=\"async\" class=\"wp-image-11387 alignleft\" src=\"https:\/\/grg21oe.at\/wp-content\/uploads\/2026\/01\/Caroline-Vikoler-scaled-1-683x1024.jpg\" alt=\"\" width=\"110\" height=\"165\" srcset=\"https:\/\/grg21oe.at\/wp-content\/uploads\/2026\/01\/Caroline-Vikoler-scaled-1-683x1024.jpg 683w, https:\/\/grg21oe.at\/wp-content\/uploads\/2026\/01\/Caroline-Vikoler-scaled-1-200x300.jpg 200w, https:\/\/grg21oe.at\/wp-content\/uploads\/2026\/01\/Caroline-Vikoler-scaled-1-768x1152.jpg 768w, https:\/\/grg21oe.at\/wp-content\/uploads\/2026\/01\/Caroline-Vikoler-scaled-1-1024x1536.jpg 1024w, https:\/\/grg21oe.at\/wp-content\/uploads\/2026\/01\/Caroline-Vikoler-scaled-1-1366x2048.jpg 1366w, https:\/\/grg21oe.at\/wp-content\/uploads\/2026\/01\/Caroline-Vikoler-scaled-1-600x900.jpg 600w, https:\/\/grg21oe.at\/wp-content\/uploads\/2026\/01\/Caroline-Vikoler-scaled-1-580x870.jpg 580w, https:\/\/grg21oe.at\/wp-content\/uploads\/2026\/01\/Caroline-Vikoler-scaled-1-820x1230.jpg 820w, https:\/\/grg21oe.at\/wp-content\/uploads\/2026\/01\/Caroline-Vikoler-scaled-1-1160x1740.jpg 1160w, https:\/\/grg21oe.at\/wp-content\/uploads\/2026\/01\/Caroline-Vikoler-scaled-1.jpg 1707w\" sizes=\"(max-width: 110px) 100vw, 110px\" \/><\/p>\n<p><span style=\"font-family: Arial, Helvetica, sans-serif; font-size: 11pt;\">MMag. Carolin <\/span><strong style=\"font-family: Arial, Helvetica, sans-serif; font-size: 11pt;\">VIKOLER (VIK)<\/strong><\/p>\n<p><span style=\"font-family: Arial, Helvetica, sans-serif; font-size: 11pt;\">F\u00e4cher: D, PP<\/span><\/p>\n<p><span style=\"font-family: Arial, Helvetica, sans-serif; font-size: 11pt;\">Darstellendes Spiel, Peer Mediation<\/span><\/p>\n<hr \/>\n<p><img loading=\"lazy\" decoding=\"async\" class=\"wp-image-11388 alignleft\" src=\"https:\/\/grg21oe.at\/wp-content\/uploads\/2026\/01\/vrc-Photoroom.jpg\" alt=\"\" width=\"124\" height=\"174\" \/><span style=\"font-family: Arial, Helvetica, sans-serif; font-size: 11pt;\">Susanne <\/span><strong style=\"font-family: Arial, Helvetica, sans-serif; font-size: 11pt;\">VRCHOTICKY (VRC)<\/strong><\/p>\n<p><span style=\"font-family: Arial, Helvetica, sans-serif; font-size: 11pt;\">F\u00e4cher: CH, PH, DIGGB<\/span><\/p>\n<p><span style=\"font-family: Arial, Helvetica, sans-serif; font-size: 11pt;\">Koordination Laptops, Gewerkschaft, Brandschutz, Team-Oberstufentag, Kustodiat CH<\/span><\/p>\n<hr \/>\n<p><img loading=\"lazy\" decoding=\"async\" class=\"size-full wp-image-5795 alignleft\" src=\"https:\/\/grg21oe.at\/wp-content\/uploads\/2024\/11\/vuj-scaled.jpg\" alt=\"\" width=\"105\" height=\"157\" \/><\/p>\n<div id=\"text-position\">\n<p>Branislava <strong>VUJANIC\u00a0 (VUJ) <\/strong><\/p>\n<p>NABE<\/p>\n<\/div>\n<p>&nbsp;<\/p>\n<hr \/>\n<p><img loading=\"lazy\" decoding=\"async\" class=\" wp-image-5795 alignleft\" src=\"https:\/\/grg21oe.at\/wp-content\/uploads\/2022\/09\/Eva-Wagner.jpg\" alt=\"\" width=\"113\" height=\"170\" \/><span style=\"font-family: Arial, Helvetica, sans-serif; font-size: 11pt;\">Eva <\/span><strong style=\"font-family: Arial, Helvetica, sans-serif; font-size: 11pt;\">WAGNER (WAE),<\/strong><span style=\"font-family: Arial, Helvetica, sans-serif; font-size: 11pt;\"> BEd<\/span><\/p>\n<p><span style=\"font-family: Arial, Helvetica, sans-serif; font-size: 11pt;\">F\u00e4cher: M, BSM<\/span><\/p>\n<p><span style=\"font-family: Arial, Helvetica, sans-serif; font-size: 11pt;\">Adventfest, Blackout-Team, Team-Wasserschule, Team-Oberstufentag<\/span><\/p>\n<hr \/>\n<p><img loading=\"lazy\" decoding=\"async\" class=\"wp-image-11389 alignleft\" src=\"https:\/\/grg21oe.at\/wp-content\/uploads\/2026\/01\/Rita-Wenzl-_DSF2036-scaled-Photoroom-718x1024.jpg\" alt=\"\" width=\"108\" height=\"154\" srcset=\"https:\/\/grg21oe.at\/wp-content\/uploads\/2026\/01\/Rita-Wenzl-_DSF2036-scaled-Photoroom-718x1024.jpg 718w, https:\/\/grg21oe.at\/wp-content\/uploads\/2026\/01\/Rita-Wenzl-_DSF2036-scaled-Photoroom-210x300.jpg 210w, https:\/\/grg21oe.at\/wp-content\/uploads\/2026\/01\/Rita-Wenzl-_DSF2036-scaled-Photoroom-768x1095.jpg 768w, https:\/\/grg21oe.at\/wp-content\/uploads\/2026\/01\/Rita-Wenzl-_DSF2036-scaled-Photoroom-580x827.jpg 580w, https:\/\/grg21oe.at\/wp-content\/uploads\/2026\/01\/Rita-Wenzl-_DSF2036-scaled-Photoroom-820x1169.jpg 820w, https:\/\/grg21oe.at\/wp-content\/uploads\/2026\/01\/Rita-Wenzl-_DSF2036-scaled-Photoroom.jpg 824w\" sizes=\"(max-width: 108px) 100vw, 108px\" \/><\/p>\n<div id=\"text-position\">\n<p>Mag. Rita <strong>WENZL (WEN) <\/strong><\/p>\n<p>F\u00e4cher: TD_TE<\/p>\n<p>Kustodiat TD_TE, Schulbuchaktion<\/p>\n<\/div>\n<hr \/>\n<p><img loading=\"lazy\" decoding=\"async\" class=\"wp-image-11390 alignleft\" src=\"https:\/\/grg21oe.at\/wp-content\/uploads\/2026\/01\/wis-Photoroom.jpg\" alt=\"\" width=\"121\" height=\"163\" \/><\/p>\n<div id=\"text-position\">\n<p>Mag. Sonja <strong>WIESER (WIS)<\/strong>, BA<\/p>\n<p>F\u00e4cher: D, WIS, DAZ<\/p>\n<p>ABA-Koordination, Kustodiat D, MIKA-D, Peer Mediation<\/p>\n<\/div>\n<hr \/>\n<p><img loading=\"lazy\" decoding=\"async\" class=\"wp-image-11391 alignleft\" src=\"https:\/\/grg21oe.at\/wp-content\/uploads\/2026\/01\/wim-Photoroom.jpg\" alt=\"\" width=\"113\" height=\"161\" \/><\/p>\n<div id=\"text-position\">\n<p>MMag. Anna Lilly <strong>WIMMER (WIM) <\/strong><\/p>\n<p>F\u00e4cher: D, IT<\/p>\n<p>Legasthenie (in Ausbildung), <em><span style=\"font-size: 11pt;\">aktuell in Karenz<\/span><\/em><\/p>\n<\/div>\n<hr \/>\n<p><img loading=\"lazy\" decoding=\"async\" class=\"size-full wp-image-5795 alignleft\" src=\"https:\/\/grg21oe.at\/wp-content\/uploads\/2021\/02\/wod.jpg\" alt=\"\" width=\"105\" height=\"157\" \/><\/p>\n<div id=\"text-position\">\n<p>Mag. Birgit <strong>WODACZEK (WOD) <\/strong><\/p>\n<p>F\u00e4cher: GWB, BSM<\/p>\n<p>Personalvertretung, Kustodiat BSM, SGA<\/p>\n<\/div>\n<hr \/>\n<p><img loading=\"lazy\" decoding=\"async\" class=\" wp-image-5795 alignleft\" src=\"https:\/\/grg21oe.at\/wp-content\/uploads\/2021\/02\/wut.jpg\" alt=\"\" width=\"112\" height=\"169\" \/><\/p>\n<div id=\"text-position\">\n<p>Mag. Claus <strong>WUTTE (WUT) <\/strong><\/p>\n<p>F\u00e4cher: IT, GPB<\/p>\n<p>Maturant*innenverabschiedung<\/p>\n<\/div>\n<hr \/>\n<p><img loading=\"lazy\" decoding=\"async\" class=\"wp-image-11392 alignleft\" src=\"https:\/\/grg21oe.at\/wp-content\/uploads\/2026\/01\/zdo-Photoroom.jpg\" alt=\"\" width=\"123\" height=\"153\" \/><\/p>\n<div id=\"text-position\">\n<p>Mag. Lesya <strong>ZDOMSKA (ZDO) <\/strong><\/p>\n<p>F\u00e4cher: M, RUS<\/p>\n<p>Blackout-Team<\/p>\n<p>&nbsp;<\/p>\n<\/div>\n<hr \/>\n<p><img loading=\"lazy\" decoding=\"async\" class=\"wp-image-11393 alignleft\" src=\"https:\/\/grg21oe.at\/wp-content\/uploads\/2026\/01\/zob-Photoroom.jpg\" alt=\"\" width=\"115\" height=\"173\" \/><\/p>\n<div id=\"text-position\">\n<p>Mag. Magdalena <strong>ZIPS (ZIP) <\/strong><\/p>\n<p>F\u00e4cher: M, CDG,<\/p>\n<p>Ansprechperson: Team-Oberstufentag<\/p>\n<hr \/>\n<\/div>\n<\/div>\n<\/div>\n<\/div>\n<\/div>\n<\/div>\n<\/div>\n<\/div>\n\n<p>&nbsp;<\/p>\n<p><span data-olk-copy-source=\"MessageBody\">Gem\u00e4\u00df der Datenschutz-Grundverordnung (DSGVO) ist das Kopieren, Verbreiten und Verwenden der Fotos untersagt und kann strafrechtlich verfolgt werden.<\/span><\/p>\n","protected":false},"excerpt":{"rendered":"<p>&nbsp; Gem\u00e4\u00df der Datenschutz-Grundverordnung (DSGVO) ist das Kopieren, Verbreiten und Verwenden der Fotos untersagt und kann strafrechtlich verfolgt werden.<\/p>\n","protected":false},"author":4,"featured_media":0,"parent":0,"menu_order":0,"comment_status":"closed","ping_status":"closed","template":"","meta":{"footnotes":""},"class_list":["post-5341","page","type-page","status-publish","hentry"],"_links":{"self":[{"href":"https:\/\/grg21oe.at\/index.php?rest_route=\/wp\/v2\/pages\/5341","targetHints":{"allow":["GET"]}}],"collection":[{"href":"https:\/\/grg21oe.at\/index.php?rest_route=\/wp\/v2\/pages"}],"about":[{"href":"https:\/\/grg21oe.at\/index.php?rest_route=\/wp\/v2\/types\/page"}],"author":[{"embeddable":true,"href":"https:\/\/grg21oe.at\/index.php?rest_route=\/wp\/v2\/users\/4"}],"replies":[{"embeddable":true,"href":"https:\/\/grg21oe.at\/index.php?rest_route=%2Fwp%2Fv2%2Fcomments&post=5341"}],"version-history":[{"count":603,"href":"https:\/\/grg21oe.at\/index.php?rest_route=\/wp\/v2\/pages\/5341\/revisions"}],"predecessor-version":[{"id":11488,"href":"https:\/\/grg21oe.at\/index.php?rest_route=\/wp\/v2\/pages\/5341\/revisions\/11488"}],"wp:attachment":[{"href":"https:\/\/grg21oe.at\/index.php?rest_route=%2Fwp%2Fv2%2Fmedia&parent=5341"}],"curies":[{"name":"wp","href":"https:\/\/api.w.org\/{rel}","templated":true}]}}