{"id":4051,"date":"2020-07-09T15:00:27","date_gmt":"2020-07-09T14:00:27","guid":{"rendered":"http:\/\/grg21oe.at\/?page_id=4051"},"modified":"2025-10-08T17:52:49","modified_gmt":"2025-10-08T16:52:49","slug":"technisches-werken","status":"publish","type":"page","link":"https:\/\/grg21oe.at\/?page_id=4051","title":{"rendered":"Technik und Design (TD)"},"content":{"rendered":"<style type=\"text\/css\"> \n#cmsms_row_69f1694b44103 .cmsms_row_outer_parent { \n\tpadding-top: 40px; \n} \n\n#cmsms_row_69f1694b44103 .cmsms_row_outer_parent { \n\tpadding-bottom: 50px; \n} \n\n<\/style><div id=\"cmsms_row_69f1694b44103\" class=\"cmsms_row cmsms_color_scheme_default\">\n<div class=\"cmsms_row_outer_parent\">\n<div class=\"cmsms_row_outer\">\n<div class=\"cmsms_row_inner\">\n<div class=\"cmsms_row_margin\">\n<div class=\"cmsms_column one_first\">\n<div class=\"cmsms_text\">\n<h1><span style=\"color: #9766dd;\">TECHNIK und DESIGN<\/span><\/h1>\n<p><span data-ccp-props=\"{\">\u00a0<\/span><span data-contrast=\"auto\">In diesem praktischen Unterrichtsfach ist die Auseinandersetzung der Sch\u00fclerinnen und Sch\u00fcler mit der gestalteten Welt, den Dingen, Objekten und Ph\u00e4nomenen, die uns umgeben, zentral. Diese Auseinandersetzung wirft Fragen auf, wie etwas gestaltet und beschaffen ist, oder wie etwas hergestellt und genutzt wird. Welche Probleme entstehen durch die Bedeutung der Dinge in unserer materiellen Kultur und welche L\u00f6sungsans\u00e4tze sind vorstellbar.\u00a0<\/span><span data-ccp-props=\"{\">\u00a0<\/span><\/p>\n<p><span data-contrast=\"auto\">Mit dem Schuljahr 2023\/24 trat auch im kreativen Bereich unserer Schule ein neuer Lehrplan in Kraft, und die Gegenst\u00e4nde Textiles Gestalten und Werken und Technisches Werken wurden, ab der 5. Schulstufe aufsteigend, unter der neuen Fachbezeichnung \u201eTechnik und Design\u201c im Sinne eines zukunftsorientierten Unterrichts zusammengef\u00fchrt.<\/span><span data-ccp-props=\"{\">\u00a0<\/span><\/p>\n<p><span data-contrast=\"auto\">Erziehung zur Nachhaltigkeit als ein zentraler Aspekt von Technik und Design \u00f6ffnet den Blick nach (globalen) Herausforderungen und f\u00f6rdert einen \u00f6kologisch und sozial vertr\u00e4glichen Umgang mit Dingen, Designs und Technologien.<\/span><span data-ccp-props=\"{\">\u00a0<\/span><\/p>\n<p><span data-contrast=\"auto\">Technik und Design umschlie\u00dft Produkte oder Sachsysteme sowie alle Prozesse und Handlungen (Verfahren, Fertigkeiten), in denen diese entstehen, verwendet und entsorgt werden.\u00a0<\/span><span data-ccp-props=\"{\">\u00a0<\/span><\/p>\n<p><span data-contrast=\"auto\">Diese Produkte\/Sachsysteme, Prozesse und Handlungen spiegeln sich in einem ganzheitlichen Planungs-, Herstellungs- und Reflexionsprozess in den unterschiedlichen Unterrichtsprojekten aus den nachfolgenden Anwendungsbereichen wider:<\/span><span data-ccp-props=\"{\">\u00a0<\/span><\/p>\n<p><span data-contrast=\"auto\">PRODUKT \/ OBJEKT \/ SPIEL\u00a0<\/span><span data-ccp-props=\"{\">\u00a0<\/span><\/p>\n<p><span data-contrast=\"auto\">K\u00d6RPER \/ KLEIDUNG \/ MODE\u00a0<\/span><span data-ccp-props=\"{\">\u00a0<\/span><\/p>\n<p><span data-contrast=\"auto\">RAUM \/ BAUEN \/ WOHNEN\u00a0<\/span><span data-ccp-props=\"{\">\u00a0<\/span><\/p>\n<p><span data-contrast=\"auto\">BEWEGUNG \/ MOBILIT\u00c4T \/ MECHANIK<\/span><span data-ccp-props=\"{\">\u00a0<\/span><\/p>\n<p><span data-contrast=\"auto\">\u00a0ENERGIE \/ ELEKTRIZIT\u00c4T \/ ELEKTRONIK<\/span><span data-ccp-props=\"{\">\u00a0<\/span><\/p>\n<p><span data-contrast=\"auto\">Die Sch\u00fclerinnen und Sch\u00fcler erleben in diesem praktischen Unterrichtsfach Selbstwirksamkeit. Sie lernen Materialien, Werkzeuge, Maschinen und Verfahren kennen, und entwickeln und planen unter Anleitung durch ihr eigenes forschendes, experimentierendes und kreatives Handeln die Herstellung funktionaler Produkte. Das praktische Handeln unterst\u00fctzt den Erwerb von Wissen, (Er-)Kenntnissen und Kompetenzen und erm\u00f6glicht immer wieder Einblicke in die Berufs- und Arbeitswelt und Querverbindungen zu anderen Gegenst\u00e4nden.<\/span><span data-ccp-props=\"{\">\u00a0<\/span><\/p>\n<p><span data-contrast=\"auto\">Im Speziellen verf\u00fcgt unsere Schule \u00fcber eine sehr umfassende Rauminfrastruktur und Schulausstattung:<\/span><span data-ccp-props=\"{\">\u00a0<\/span><\/p>\n<ul>\n<li><span data-contrast=\"auto\">2 textile Werkr\u00e4ume<\/span><span data-ccp-props=\"{\">\u00a0<\/span><\/li>\n<li><span data-contrast=\"auto\">2 technische Werkr\u00e4ume<\/span><span data-ccp-props=\"{\">\u00a0<\/span><\/li>\n<li><span data-contrast=\"auto\">2 Metallr\u00e4ume<\/span><span data-ccp-props=\"{\">\u00a0<\/span><\/li>\n<li><span data-contrast=\"auto\">1 Keramikraum<\/span><span data-ccp-props=\"{\">\u00a0<\/span><\/li>\n<li><span data-contrast=\"auto\">1 Bildhauerei<\/span><span data-ccp-props=\"{\">\u00a0<\/span><\/li>\n<li><span data-contrast=\"auto\">1 Fotolabor<\/span><span data-ccp-props=\"{\">\u00a0<\/span><\/li>\n<\/ul>\n<p><span data-contrast=\"auto\">Die Sch\u00fclerinnen und Sch\u00fcler profitieren in diesem breiten Werkspektrum ebenso durch Entfaltungsm\u00f6glichkeiten ihres k\u00fcnstlerisch-kreatives Potentials und der M\u00f6glichkeit im Rahmen des Regelunterrichts zahlreiche technische Verfahren wie F\u00e4rben, Weben, Drucken, Filzen, N\u00e4hen, Glasritzen, Papier sch\u00f6pfen, Buchbinden, Holz und Metall bearbeiten, Elektrotechnik, Arbeit mit fototechnischen Verfahren, Herstellung keramischer Gebrauchsgegenst\u00e4nde und vieles mehr kennen zu lernen.<\/span><span data-ccp-props=\"{\">\u00a0<\/span><\/p>\n<p>Hier eine Auswahl an Sch\u00fclerarbeiten, die im Rahmen des Technik und Design-Unterrichts entstanden sind:<\/p>\n<div id='gallery-1' class='gallery galleryid-4051 gallery-columns-2 gallery-size-large'><figure class='gallery-item'>\n\t\t\t<div class='gallery-icon portrait'>\n\t\t\t\t<a href='https:\/\/grg21oe.at\/?attachment_id=8840'><img fetchpriority=\"high\" decoding=\"async\" width=\"576\" height=\"1024\" src=\"https:\/\/grg21oe.at\/wp-content\/uploads\/2023\/10\/ArchitekturStaedtebau-576x1024.jpg\" class=\"attachment-large size-large\" alt=\"\" srcset=\"https:\/\/grg21oe.at\/wp-content\/uploads\/2023\/10\/ArchitekturStaedtebau-576x1024.jpg 576w, https:\/\/grg21oe.at\/wp-content\/uploads\/2023\/10\/ArchitekturStaedtebau-169x300.jpg 169w, https:\/\/grg21oe.at\/wp-content\/uploads\/2023\/10\/ArchitekturStaedtebau-768x1365.jpg 768w, https:\/\/grg21oe.at\/wp-content\/uploads\/2023\/10\/ArchitekturStaedtebau-864x1536.jpg 864w, https:\/\/grg21oe.at\/wp-content\/uploads\/2023\/10\/ArchitekturStaedtebau-1152x2048.jpg 1152w, https:\/\/grg21oe.at\/wp-content\/uploads\/2023\/10\/ArchitekturStaedtebau-580x1031.jpg 580w, https:\/\/grg21oe.at\/wp-content\/uploads\/2023\/10\/ArchitekturStaedtebau-820x1458.jpg 820w, https:\/\/grg21oe.at\/wp-content\/uploads\/2023\/10\/ArchitekturStaedtebau-1160x2062.jpg 1160w, https:\/\/grg21oe.at\/wp-content\/uploads\/2023\/10\/ArchitekturStaedtebau-scaled.jpg 1440w\" sizes=\"(max-width: 576px) 100vw, 576px\" \/><\/a>\n\t\t\t<\/div><\/figure><figure class='gallery-item'>\n\t\t\t<div class='gallery-icon portrait'>\n\t\t\t\t<a href='https:\/\/grg21oe.at\/?attachment_id=8845'><img decoding=\"async\" width=\"768\" height=\"1024\" src=\"https:\/\/grg21oe.at\/wp-content\/uploads\/2023\/10\/Fadengrafikuhr-768x1024.jpg\" class=\"attachment-large size-large\" alt=\"\" srcset=\"https:\/\/grg21oe.at\/wp-content\/uploads\/2023\/10\/Fadengrafikuhr-768x1023.jpg 768w, https:\/\/grg21oe.at\/wp-content\/uploads\/2023\/10\/Fadengrafikuhr-225x300.jpg 225w, https:\/\/grg21oe.at\/wp-content\/uploads\/2023\/10\/Fadengrafikuhr-1153x1536.jpg 1153w, https:\/\/grg21oe.at\/wp-content\/uploads\/2023\/10\/Fadengrafikuhr-580x773.jpg 580w, https:\/\/grg21oe.at\/wp-content\/uploads\/2023\/10\/Fadengrafikuhr-820x1093.jpg 820w, https:\/\/grg21oe.at\/wp-content\/uploads\/2023\/10\/Fadengrafikuhr-1160x1546.jpg 1160w, https:\/\/grg21oe.at\/wp-content\/uploads\/2023\/10\/Fadengrafikuhr.jpg 1200w\" sizes=\"(max-width: 768px) 100vw, 768px\" \/><\/a>\n\t\t\t<\/div><\/figure><figure class='gallery-item'>\n\t\t\t<div class='gallery-icon landscape'>\n\t\t\t\t<a href='https:\/\/grg21oe.at\/?attachment_id=8841'><img decoding=\"async\" width=\"1024\" height=\"768\" src=\"https:\/\/grg21oe.at\/wp-content\/uploads\/2023\/10\/ArchitekturWohnmodell1-1024x768.png\" class=\"attachment-large size-large\" alt=\"\" srcset=\"https:\/\/grg21oe.at\/wp-content\/uploads\/2023\/10\/ArchitekturWohnmodell1-1024x768.png 1024w, https:\/\/grg21oe.at\/wp-content\/uploads\/2023\/10\/ArchitekturWohnmodell1-300x225.png 300w, https:\/\/grg21oe.at\/wp-content\/uploads\/2023\/10\/ArchitekturWohnmodell1-768x576.png 768w, https:\/\/grg21oe.at\/wp-content\/uploads\/2023\/10\/ArchitekturWohnmodell1-1536x1152.png 1536w, https:\/\/grg21oe.at\/wp-content\/uploads\/2023\/10\/ArchitekturWohnmodell1-580x435.png 580w, https:\/\/grg21oe.at\/wp-content\/uploads\/2023\/10\/ArchitekturWohnmodell1-820x615.png 820w, https:\/\/grg21oe.at\/wp-content\/uploads\/2023\/10\/ArchitekturWohnmodell1-1160x870.png 1160w, https:\/\/grg21oe.at\/wp-content\/uploads\/2023\/10\/ArchitekturWohnmodell1.png 2000w\" sizes=\"(max-width: 1024px) 100vw, 1024px\" \/><\/a>\n\t\t\t<\/div><\/figure><figure class='gallery-item'>\n\t\t\t<div class='gallery-icon landscape'>\n\t\t\t\t<a href='https:\/\/grg21oe.at\/?attachment_id=8842'><img loading=\"lazy\" decoding=\"async\" width=\"1024\" height=\"768\" src=\"https:\/\/grg21oe.at\/wp-content\/uploads\/2023\/10\/Baumhaeuser-1024x768.jpg\" class=\"attachment-large size-large\" alt=\"\" srcset=\"https:\/\/grg21oe.at\/wp-content\/uploads\/2023\/10\/Baumhaeuser-1024x768.jpg 1024w, https:\/\/grg21oe.at\/wp-content\/uploads\/2023\/10\/Baumhaeuser-300x225.jpg 300w, https:\/\/grg21oe.at\/wp-content\/uploads\/2023\/10\/Baumhaeuser-768x576.jpg 768w, https:\/\/grg21oe.at\/wp-content\/uploads\/2023\/10\/Baumhaeuser-1536x1152.jpg 1536w, https:\/\/grg21oe.at\/wp-content\/uploads\/2023\/10\/Baumhaeuser-2048x1536.jpg 2048w, https:\/\/grg21oe.at\/wp-content\/uploads\/2023\/10\/Baumhaeuser-580x435.jpg 580w, https:\/\/grg21oe.at\/wp-content\/uploads\/2023\/10\/Baumhaeuser-820x615.jpg 820w, https:\/\/grg21oe.at\/wp-content\/uploads\/2023\/10\/Baumhaeuser-1160x870.jpg 1160w\" sizes=\"(max-width: 1024px) 100vw, 1024px\" \/><\/a>\n\t\t\t<\/div><\/figure><figure class='gallery-item'>\n\t\t\t<div class='gallery-icon landscape'>\n\t\t\t\t<a href='https:\/\/grg21oe.at\/?attachment_id=8843'><img loading=\"lazy\" decoding=\"async\" width=\"1024\" height=\"686\" src=\"https:\/\/grg21oe.at\/wp-content\/uploads\/2023\/10\/Elektrotechnik-1024x686.jpg\" class=\"attachment-large size-large\" alt=\"\" srcset=\"https:\/\/grg21oe.at\/wp-content\/uploads\/2023\/10\/Elektrotechnik-1024x686.jpg 1024w, https:\/\/grg21oe.at\/wp-content\/uploads\/2023\/10\/Elektrotechnik-300x201.jpg 300w, https:\/\/grg21oe.at\/wp-content\/uploads\/2023\/10\/Elektrotechnik-768x514.jpg 768w, https:\/\/grg21oe.at\/wp-content\/uploads\/2023\/10\/Elektrotechnik-1536x1029.jpg 1536w, https:\/\/grg21oe.at\/wp-content\/uploads\/2023\/10\/Elektrotechnik-580x388.jpg 580w, https:\/\/grg21oe.at\/wp-content\/uploads\/2023\/10\/Elektrotechnik-820x549.jpg 820w, https:\/\/grg21oe.at\/wp-content\/uploads\/2023\/10\/Elektrotechnik-1160x777.jpg 1160w, https:\/\/grg21oe.at\/wp-content\/uploads\/2023\/10\/Elektrotechnik.jpg 1698w\" sizes=\"(max-width: 1024px) 100vw, 1024px\" \/><\/a>\n\t\t\t<\/div><\/figure><figure class='gallery-item'>\n\t\t\t<div class='gallery-icon landscape'>\n\t\t\t\t<a href='https:\/\/grg21oe.at\/?attachment_id=8844'><img loading=\"lazy\" decoding=\"async\" width=\"1024\" height=\"768\" src=\"https:\/\/grg21oe.at\/wp-content\/uploads\/2023\/10\/Fadengrafik1-1024x768.jpg\" class=\"attachment-large size-large\" alt=\"\" srcset=\"https:\/\/grg21oe.at\/wp-content\/uploads\/2023\/10\/Fadengrafik1-1024x768.jpg 1024w, https:\/\/grg21oe.at\/wp-content\/uploads\/2023\/10\/Fadengrafik1-300x225.jpg 300w, https:\/\/grg21oe.at\/wp-content\/uploads\/2023\/10\/Fadengrafik1-768x576.jpg 768w, https:\/\/grg21oe.at\/wp-content\/uploads\/2023\/10\/Fadengrafik1-1536x1153.jpg 1536w, https:\/\/grg21oe.at\/wp-content\/uploads\/2023\/10\/Fadengrafik1-580x435.jpg 580w, https:\/\/grg21oe.at\/wp-content\/uploads\/2023\/10\/Fadengrafik1-820x615.jpg 820w, https:\/\/grg21oe.at\/wp-content\/uploads\/2023\/10\/Fadengrafik1-1160x871.jpg 1160w, https:\/\/grg21oe.at\/wp-content\/uploads\/2023\/10\/Fadengrafik1.jpg 1599w\" sizes=\"(max-width: 1024px) 100vw, 1024px\" \/><\/a>\n\t\t\t<\/div><\/figure><figure class='gallery-item'>\n\t\t\t<div class='gallery-icon portrait'>\n\t\t\t\t<a href='https:\/\/grg21oe.at\/?attachment_id=8846'><img loading=\"lazy\" decoding=\"async\" width=\"765\" height=\"1024\" src=\"https:\/\/grg21oe.at\/wp-content\/uploads\/2023\/10\/Faerben-und-Quilten-765x1024.jpg\" class=\"attachment-large size-large\" alt=\"\" srcset=\"https:\/\/grg21oe.at\/wp-content\/uploads\/2023\/10\/Faerben-und-Quilten-765x1024.jpg 765w, https:\/\/grg21oe.at\/wp-content\/uploads\/2023\/10\/Faerben-und-Quilten-224x300.jpg 224w, https:\/\/grg21oe.at\/wp-content\/uploads\/2023\/10\/Faerben-und-Quilten-768x1028.jpg 768w, https:\/\/grg21oe.at\/wp-content\/uploads\/2023\/10\/Faerben-und-Quilten-1147x1536.jpg 1147w, https:\/\/grg21oe.at\/wp-content\/uploads\/2023\/10\/Faerben-und-Quilten-1530x2048.jpg 1530w, https:\/\/grg21oe.at\/wp-content\/uploads\/2023\/10\/Faerben-und-Quilten-580x777.jpg 580w, https:\/\/grg21oe.at\/wp-content\/uploads\/2023\/10\/Faerben-und-Quilten-820x1098.jpg 820w, https:\/\/grg21oe.at\/wp-content\/uploads\/2023\/10\/Faerben-und-Quilten-1160x1553.jpg 1160w, https:\/\/grg21oe.at\/wp-content\/uploads\/2023\/10\/Faerben-und-Quilten-scaled.jpg 1912w\" sizes=\"(max-width: 765px) 100vw, 765px\" \/><\/a>\n\t\t\t<\/div><\/figure><figure class='gallery-item'>\n\t\t\t<div class='gallery-icon portrait'>\n\t\t\t\t<a href='https:\/\/grg21oe.at\/?attachment_id=8847'><img loading=\"lazy\" decoding=\"async\" width=\"765\" height=\"1024\" src=\"https:\/\/grg21oe.at\/wp-content\/uploads\/2023\/10\/Filzhuete-765x1024.jpg\" class=\"attachment-large size-large\" alt=\"\" srcset=\"https:\/\/grg21oe.at\/wp-content\/uploads\/2023\/10\/Filzhuete-765x1024.jpg 765w, https:\/\/grg21oe.at\/wp-content\/uploads\/2023\/10\/Filzhuete-224x300.jpg 224w, https:\/\/grg21oe.at\/wp-content\/uploads\/2023\/10\/Filzhuete-768x1028.jpg 768w, https:\/\/grg21oe.at\/wp-content\/uploads\/2023\/10\/Filzhuete-1147x1536.jpg 1147w, https:\/\/grg21oe.at\/wp-content\/uploads\/2023\/10\/Filzhuete-1530x2048.jpg 1530w, https:\/\/grg21oe.at\/wp-content\/uploads\/2023\/10\/Filzhuete-580x777.jpg 580w, https:\/\/grg21oe.at\/wp-content\/uploads\/2023\/10\/Filzhuete-820x1098.jpg 820w, https:\/\/grg21oe.at\/wp-content\/uploads\/2023\/10\/Filzhuete-1160x1553.jpg 1160w, https:\/\/grg21oe.at\/wp-content\/uploads\/2023\/10\/Filzhuete-scaled.jpg 1912w\" sizes=\"(max-width: 765px) 100vw, 765px\" \/><\/a>\n\t\t\t<\/div><\/figure><figure class='gallery-item'>\n\t\t\t<div class='gallery-icon portrait'>\n\t\t\t\t<a href='https:\/\/grg21oe.at\/?attachment_id=8848'><img loading=\"lazy\" decoding=\"async\" width=\"768\" height=\"1024\" src=\"https:\/\/grg21oe.at\/wp-content\/uploads\/2023\/10\/Filzschneemann-768x1024.jpg\" class=\"attachment-large size-large\" alt=\"\" srcset=\"https:\/\/grg21oe.at\/wp-content\/uploads\/2023\/10\/Filzschneemann-768x1023.jpg 768w, https:\/\/grg21oe.at\/wp-content\/uploads\/2023\/10\/Filzschneemann-225x300.jpg 225w, https:\/\/grg21oe.at\/wp-content\/uploads\/2023\/10\/Filzschneemann-1153x1536.jpg 1153w, https:\/\/grg21oe.at\/wp-content\/uploads\/2023\/10\/Filzschneemann-580x773.jpg 580w, https:\/\/grg21oe.at\/wp-content\/uploads\/2023\/10\/Filzschneemann-820x1093.jpg 820w, https:\/\/grg21oe.at\/wp-content\/uploads\/2023\/10\/Filzschneemann-1160x1546.jpg 1160w, https:\/\/grg21oe.at\/wp-content\/uploads\/2023\/10\/Filzschneemann.jpg 1200w\" sizes=\"(max-width: 768px) 100vw, 768px\" \/><\/a>\n\t\t\t<\/div><\/figure><figure class='gallery-item'>\n\t\t\t<div class='gallery-icon portrait'>\n\t\t\t\t<a href='https:\/\/grg21oe.at\/?attachment_id=8855'><img loading=\"lazy\" decoding=\"async\" width=\"768\" height=\"1024\" src=\"https:\/\/grg21oe.at\/wp-content\/uploads\/2023\/10\/Patchwork-768x1024.jpg\" class=\"attachment-large size-large\" alt=\"\" srcset=\"https:\/\/grg21oe.at\/wp-content\/uploads\/2023\/10\/Patchwork-768x1024.jpg 768w, https:\/\/grg21oe.at\/wp-content\/uploads\/2023\/10\/Patchwork-225x300.jpg 225w, https:\/\/grg21oe.at\/wp-content\/uploads\/2023\/10\/Patchwork-1152x1536.jpg 1152w, https:\/\/grg21oe.at\/wp-content\/uploads\/2023\/10\/Patchwork-580x773.jpg 580w, https:\/\/grg21oe.at\/wp-content\/uploads\/2023\/10\/Patchwork-820x1093.jpg 820w, https:\/\/grg21oe.at\/wp-content\/uploads\/2023\/10\/Patchwork-1160x1547.jpg 1160w, https:\/\/grg21oe.at\/wp-content\/uploads\/2023\/10\/Patchwork.jpg 1200w\" sizes=\"(max-width: 768px) 100vw, 768px\" \/><\/a>\n\t\t\t<\/div><\/figure><figure class='gallery-item'>\n\t\t\t<div class='gallery-icon landscape'>\n\t\t\t\t<a href='https:\/\/grg21oe.at\/?attachment_id=8849'><img loading=\"lazy\" decoding=\"async\" width=\"1024\" height=\"576\" src=\"https:\/\/grg21oe.at\/wp-content\/uploads\/2023\/10\/FurnierUhrendesign-1024x576.jpg\" class=\"attachment-large size-large\" alt=\"\" srcset=\"https:\/\/grg21oe.at\/wp-content\/uploads\/2023\/10\/FurnierUhrendesign-1024x576.jpg 1024w, https:\/\/grg21oe.at\/wp-content\/uploads\/2023\/10\/FurnierUhrendesign-300x169.jpg 300w, https:\/\/grg21oe.at\/wp-content\/uploads\/2023\/10\/FurnierUhrendesign-768x432.jpg 768w, https:\/\/grg21oe.at\/wp-content\/uploads\/2023\/10\/FurnierUhrendesign-1536x864.jpg 1536w, https:\/\/grg21oe.at\/wp-content\/uploads\/2023\/10\/FurnierUhrendesign-2048x1152.jpg 2048w, https:\/\/grg21oe.at\/wp-content\/uploads\/2023\/10\/FurnierUhrendesign-580x326.jpg 580w, https:\/\/grg21oe.at\/wp-content\/uploads\/2023\/10\/FurnierUhrendesign-820x461.jpg 820w, https:\/\/grg21oe.at\/wp-content\/uploads\/2023\/10\/FurnierUhrendesign-1160x653.jpg 1160w\" sizes=\"(max-width: 1024px) 100vw, 1024px\" \/><\/a>\n\t\t\t<\/div><\/figure><figure class='gallery-item'>\n\t\t\t<div class='gallery-icon landscape'>\n\t\t\t\t<a href='https:\/\/grg21oe.at\/?attachment_id=8850'><img loading=\"lazy\" decoding=\"async\" width=\"1024\" height=\"709\" src=\"https:\/\/grg21oe.at\/wp-content\/uploads\/2023\/10\/HolzJojos-1024x709.jpg\" class=\"attachment-large size-large\" alt=\"\" srcset=\"https:\/\/grg21oe.at\/wp-content\/uploads\/2023\/10\/HolzJojos-1024x709.jpg 1024w, https:\/\/grg21oe.at\/wp-content\/uploads\/2023\/10\/HolzJojos-300x208.jpg 300w, https:\/\/grg21oe.at\/wp-content\/uploads\/2023\/10\/HolzJojos-768x532.jpg 768w, https:\/\/grg21oe.at\/wp-content\/uploads\/2023\/10\/HolzJojos-1536x1064.jpg 1536w, https:\/\/grg21oe.at\/wp-content\/uploads\/2023\/10\/HolzJojos-2048x1418.jpg 2048w, https:\/\/grg21oe.at\/wp-content\/uploads\/2023\/10\/HolzJojos-580x402.jpg 580w, https:\/\/grg21oe.at\/wp-content\/uploads\/2023\/10\/HolzJojos-820x568.jpg 820w, https:\/\/grg21oe.at\/wp-content\/uploads\/2023\/10\/HolzJojos-1160x803.jpg 1160w\" sizes=\"(max-width: 1024px) 100vw, 1024px\" \/><\/a>\n\t\t\t<\/div><\/figure><figure class='gallery-item'>\n\t\t\t<div class='gallery-icon landscape'>\n\t\t\t\t<a href='https:\/\/grg21oe.at\/?attachment_id=8851'><img loading=\"lazy\" decoding=\"async\" width=\"1024\" height=\"576\" src=\"https:\/\/grg21oe.at\/wp-content\/uploads\/2023\/10\/HolzKugellabyrinth-1024x576.jpg\" class=\"attachment-large size-large\" alt=\"\" srcset=\"https:\/\/grg21oe.at\/wp-content\/uploads\/2023\/10\/HolzKugellabyrinth-1024x576.jpg 1024w, https:\/\/grg21oe.at\/wp-content\/uploads\/2023\/10\/HolzKugellabyrinth-300x169.jpg 300w, https:\/\/grg21oe.at\/wp-content\/uploads\/2023\/10\/HolzKugellabyrinth-768x432.jpg 768w, https:\/\/grg21oe.at\/wp-content\/uploads\/2023\/10\/HolzKugellabyrinth-1536x864.jpg 1536w, https:\/\/grg21oe.at\/wp-content\/uploads\/2023\/10\/HolzKugellabyrinth-2048x1152.jpg 2048w, https:\/\/grg21oe.at\/wp-content\/uploads\/2023\/10\/HolzKugellabyrinth-580x326.jpg 580w, https:\/\/grg21oe.at\/wp-content\/uploads\/2023\/10\/HolzKugellabyrinth-820x461.jpg 820w, https:\/\/grg21oe.at\/wp-content\/uploads\/2023\/10\/HolzKugellabyrinth-1160x653.jpg 1160w\" sizes=\"(max-width: 1024px) 100vw, 1024px\" \/><\/a>\n\t\t\t<\/div><\/figure><figure class='gallery-item'>\n\t\t\t<div class='gallery-icon landscape'>\n\t\t\t\t<a href='https:\/\/grg21oe.at\/?attachment_id=8852'><img loading=\"lazy\" decoding=\"async\" width=\"1024\" height=\"768\" src=\"https:\/\/grg21oe.at\/wp-content\/uploads\/2023\/10\/Keramik-1024x768.jpg\" class=\"attachment-large size-large\" alt=\"\" srcset=\"https:\/\/grg21oe.at\/wp-content\/uploads\/2023\/10\/Keramik-1024x768.jpg 1024w, https:\/\/grg21oe.at\/wp-content\/uploads\/2023\/10\/Keramik-300x225.jpg 300w, https:\/\/grg21oe.at\/wp-content\/uploads\/2023\/10\/Keramik-768x576.jpg 768w, https:\/\/grg21oe.at\/wp-content\/uploads\/2023\/10\/Keramik-1536x1152.jpg 1536w, https:\/\/grg21oe.at\/wp-content\/uploads\/2023\/10\/Keramik-2048x1536.jpg 2048w, https:\/\/grg21oe.at\/wp-content\/uploads\/2023\/10\/Keramik-580x435.jpg 580w, https:\/\/grg21oe.at\/wp-content\/uploads\/2023\/10\/Keramik-820x615.jpg 820w, https:\/\/grg21oe.at\/wp-content\/uploads\/2023\/10\/Keramik-1160x870.jpg 1160w\" sizes=\"(max-width: 1024px) 100vw, 1024px\" \/><\/a>\n\t\t\t<\/div><\/figure><figure class='gallery-item'>\n\t\t\t<div class='gallery-icon landscape'>\n\t\t\t\t<a href='https:\/\/grg21oe.at\/?attachment_id=8853'><img loading=\"lazy\" decoding=\"async\" width=\"1024\" height=\"768\" src=\"https:\/\/grg21oe.at\/wp-content\/uploads\/2023\/10\/Keramikkannen-1024x768.png\" class=\"attachment-large size-large\" alt=\"\" srcset=\"https:\/\/grg21oe.at\/wp-content\/uploads\/2023\/10\/Keramikkannen-1024x768.png 1024w, https:\/\/grg21oe.at\/wp-content\/uploads\/2023\/10\/Keramikkannen-300x225.png 300w, https:\/\/grg21oe.at\/wp-content\/uploads\/2023\/10\/Keramikkannen-768x576.png 768w, https:\/\/grg21oe.at\/wp-content\/uploads\/2023\/10\/Keramikkannen-1536x1152.png 1536w, https:\/\/grg21oe.at\/wp-content\/uploads\/2023\/10\/Keramikkannen-580x435.png 580w, https:\/\/grg21oe.at\/wp-content\/uploads\/2023\/10\/Keramikkannen-820x615.png 820w, https:\/\/grg21oe.at\/wp-content\/uploads\/2023\/10\/Keramikkannen-1160x870.png 1160w, https:\/\/grg21oe.at\/wp-content\/uploads\/2023\/10\/Keramikkannen.png 2000w\" sizes=\"(max-width: 1024px) 100vw, 1024px\" \/><\/a>\n\t\t\t<\/div><\/figure><figure class='gallery-item'>\n\t\t\t<div class='gallery-icon landscape'>\n\t\t\t\t<a href='https:\/\/grg21oe.at\/?attachment_id=8854'><img loading=\"lazy\" decoding=\"async\" width=\"1024\" height=\"768\" src=\"https:\/\/grg21oe.at\/wp-content\/uploads\/2023\/10\/Maeuse-1024x768.jpg\" class=\"attachment-large size-large\" alt=\"\" srcset=\"https:\/\/grg21oe.at\/wp-content\/uploads\/2023\/10\/Maeuse-1024x768.jpg 1024w, https:\/\/grg21oe.at\/wp-content\/uploads\/2023\/10\/Maeuse-300x225.jpg 300w, https:\/\/grg21oe.at\/wp-content\/uploads\/2023\/10\/Maeuse-768x576.jpg 768w, https:\/\/grg21oe.at\/wp-content\/uploads\/2023\/10\/Maeuse-1536x1152.jpg 1536w, https:\/\/grg21oe.at\/wp-content\/uploads\/2023\/10\/Maeuse-580x435.jpg 580w, https:\/\/grg21oe.at\/wp-content\/uploads\/2023\/10\/Maeuse-820x615.jpg 820w, https:\/\/grg21oe.at\/wp-content\/uploads\/2023\/10\/Maeuse-1160x870.jpg 1160w, https:\/\/grg21oe.at\/wp-content\/uploads\/2023\/10\/Maeuse.jpg 1600w\" sizes=\"(max-width: 1024px) 100vw, 1024px\" \/><\/a>\n\t\t\t<\/div><\/figure><figure class='gallery-item'>\n\t\t\t<div class='gallery-icon portrait'>\n\t\t\t\t<a href='https:\/\/grg21oe.at\/?attachment_id=8856'><img loading=\"lazy\" decoding=\"async\" width=\"768\" height=\"1024\" src=\"https:\/\/grg21oe.at\/wp-content\/uploads\/2023\/10\/Rucksack-768x1024.jpg\" class=\"attachment-large size-large\" alt=\"\" srcset=\"https:\/\/grg21oe.at\/wp-content\/uploads\/2023\/10\/Rucksack-768x1023.jpg 768w, https:\/\/grg21oe.at\/wp-content\/uploads\/2023\/10\/Rucksack-225x300.jpg 225w, https:\/\/grg21oe.at\/wp-content\/uploads\/2023\/10\/Rucksack-1153x1536.jpg 1153w, https:\/\/grg21oe.at\/wp-content\/uploads\/2023\/10\/Rucksack-580x773.jpg 580w, https:\/\/grg21oe.at\/wp-content\/uploads\/2023\/10\/Rucksack-820x1093.jpg 820w, https:\/\/grg21oe.at\/wp-content\/uploads\/2023\/10\/Rucksack-1160x1546.jpg 1160w, https:\/\/grg21oe.at\/wp-content\/uploads\/2023\/10\/Rucksack.jpg 1200w\" sizes=\"(max-width: 768px) 100vw, 768px\" \/><\/a>\n\t\t\t<\/div><\/figure><figure class='gallery-item'>\n\t\t\t<div class='gallery-icon portrait'>\n\t\t\t\t<a href='https:\/\/grg21oe.at\/?attachment_id=8857'><img loading=\"lazy\" decoding=\"async\" width=\"795\" height=\"1024\" src=\"https:\/\/grg21oe.at\/wp-content\/uploads\/2023\/10\/Siebdruck2-795x1024.jpg\" class=\"attachment-large size-large\" alt=\"\" aria-describedby=\"gallery-1-8857\" srcset=\"https:\/\/grg21oe.at\/wp-content\/uploads\/2023\/10\/Siebdruck2-795x1024.jpg 795w, https:\/\/grg21oe.at\/wp-content\/uploads\/2023\/10\/Siebdruck2-233x300.jpg 233w, https:\/\/grg21oe.at\/wp-content\/uploads\/2023\/10\/Siebdruck2-768x989.jpg 768w, https:\/\/grg21oe.at\/wp-content\/uploads\/2023\/10\/Siebdruck2-1193x1536.jpg 1193w, https:\/\/grg21oe.at\/wp-content\/uploads\/2023\/10\/Siebdruck2-1590x2048.jpg 1590w, https:\/\/grg21oe.at\/wp-content\/uploads\/2023\/10\/Siebdruck2-580x747.jpg 580w, https:\/\/grg21oe.at\/wp-content\/uploads\/2023\/10\/Siebdruck2-820x1056.jpg 820w, https:\/\/grg21oe.at\/wp-content\/uploads\/2023\/10\/Siebdruck2-1160x1494.jpg 1160w, https:\/\/grg21oe.at\/wp-content\/uploads\/2023\/10\/Siebdruck2.jpg 1847w\" sizes=\"(max-width: 795px) 100vw, 795px\" \/><\/a>\n\t\t\t<\/div>\n\t\t\t\t<figcaption class='wp-caption-text gallery-caption' id='gallery-1-8857'>\n\t\t\t\t????????\n\t\t\t\t<\/figcaption><\/figure><figure class='gallery-item'>\n\t\t\t<div class='gallery-icon landscape'>\n\t\t\t\t<a href='https:\/\/grg21oe.at\/?attachment_id=8858'><img loading=\"lazy\" decoding=\"async\" width=\"1024\" height=\"768\" src=\"https:\/\/grg21oe.at\/wp-content\/uploads\/2023\/10\/Stickereipenal-1024x768.jpg\" class=\"attachment-large size-large\" alt=\"\" srcset=\"https:\/\/grg21oe.at\/wp-content\/uploads\/2023\/10\/Stickereipenal-1024x768.jpg 1024w, https:\/\/grg21oe.at\/wp-content\/uploads\/2023\/10\/Stickereipenal-300x225.jpg 300w, https:\/\/grg21oe.at\/wp-content\/uploads\/2023\/10\/Stickereipenal-768x576.jpg 768w, https:\/\/grg21oe.at\/wp-content\/uploads\/2023\/10\/Stickereipenal-1536x1152.jpg 1536w, https:\/\/grg21oe.at\/wp-content\/uploads\/2023\/10\/Stickereipenal-580x435.jpg 580w, https:\/\/grg21oe.at\/wp-content\/uploads\/2023\/10\/Stickereipenal-820x615.jpg 820w, https:\/\/grg21oe.at\/wp-content\/uploads\/2023\/10\/Stickereipenal-1160x870.jpg 1160w, https:\/\/grg21oe.at\/wp-content\/uploads\/2023\/10\/Stickereipenal.jpg 1600w\" sizes=\"(max-width: 1024px) 100vw, 1024px\" \/><\/a>\n\t\t\t<\/div><\/figure><figure class='gallery-item'>\n\t\t\t<div class='gallery-icon landscape'>\n\t\t\t\t<a href='https:\/\/grg21oe.at\/?attachment_id=8859'><img loading=\"lazy\" decoding=\"async\" width=\"1024\" height=\"768\" src=\"https:\/\/grg21oe.at\/wp-content\/uploads\/2023\/10\/TextileMoebel-1024x768.jpg\" class=\"attachment-large size-large\" alt=\"\" srcset=\"https:\/\/grg21oe.at\/wp-content\/uploads\/2023\/10\/TextileMoebel-1024x768.jpg 1024w, https:\/\/grg21oe.at\/wp-content\/uploads\/2023\/10\/TextileMoebel-300x225.jpg 300w, https:\/\/grg21oe.at\/wp-content\/uploads\/2023\/10\/TextileMoebel-768x576.jpg 768w, https:\/\/grg21oe.at\/wp-content\/uploads\/2023\/10\/TextileMoebel-1536x1152.jpg 1536w, https:\/\/grg21oe.at\/wp-content\/uploads\/2023\/10\/TextileMoebel-2048x1536.jpg 2048w, https:\/\/grg21oe.at\/wp-content\/uploads\/2023\/10\/TextileMoebel-580x435.jpg 580w, https:\/\/grg21oe.at\/wp-content\/uploads\/2023\/10\/TextileMoebel-820x615.jpg 820w, https:\/\/grg21oe.at\/wp-content\/uploads\/2023\/10\/TextileMoebel-1160x870.jpg 1160w\" sizes=\"(max-width: 1024px) 100vw, 1024px\" \/><\/a>\n\t\t\t<\/div><\/figure><figure class='gallery-item'>\n\t\t\t<div class='gallery-icon landscape'>\n\t\t\t\t<a href='https:\/\/grg21oe.at\/?attachment_id=8860'><img loading=\"lazy\" decoding=\"async\" width=\"1024\" height=\"768\" src=\"https:\/\/grg21oe.at\/wp-content\/uploads\/2023\/10\/TextileMoebel2-1024x768.jpg\" class=\"attachment-large size-large\" alt=\"\" srcset=\"https:\/\/grg21oe.at\/wp-content\/uploads\/2023\/10\/TextileMoebel2-1024x768.jpg 1024w, https:\/\/grg21oe.at\/wp-content\/uploads\/2023\/10\/TextileMoebel2-300x225.jpg 300w, https:\/\/grg21oe.at\/wp-content\/uploads\/2023\/10\/TextileMoebel2-768x576.jpg 768w, https:\/\/grg21oe.at\/wp-content\/uploads\/2023\/10\/TextileMoebel2-1536x1152.jpg 1536w, https:\/\/grg21oe.at\/wp-content\/uploads\/2023\/10\/TextileMoebel2-2048x1536.jpg 2048w, https:\/\/grg21oe.at\/wp-content\/uploads\/2023\/10\/TextileMoebel2-580x435.jpg 580w, https:\/\/grg21oe.at\/wp-content\/uploads\/2023\/10\/TextileMoebel2-820x615.jpg 820w, https:\/\/grg21oe.at\/wp-content\/uploads\/2023\/10\/TextileMoebel2-1160x870.jpg 1160w\" sizes=\"(max-width: 1024px) 100vw, 1024px\" \/><\/a>\n\t\t\t<\/div><\/figure><figure class='gallery-item'>\n\t\t\t<div class='gallery-icon landscape'>\n\t\t\t\t<a href='https:\/\/grg21oe.at\/?attachment_id=8861'><img loading=\"lazy\" decoding=\"async\" width=\"1024\" height=\"768\" src=\"https:\/\/grg21oe.at\/wp-content\/uploads\/2023\/10\/TextileMoebel1-1024x768.jpg\" class=\"attachment-large size-large\" alt=\"\" srcset=\"https:\/\/grg21oe.at\/wp-content\/uploads\/2023\/10\/TextileMoebel1-1024x768.jpg 1024w, https:\/\/grg21oe.at\/wp-content\/uploads\/2023\/10\/TextileMoebel1-300x225.jpg 300w, https:\/\/grg21oe.at\/wp-content\/uploads\/2023\/10\/TextileMoebel1-768x576.jpg 768w, https:\/\/grg21oe.at\/wp-content\/uploads\/2023\/10\/TextileMoebel1-1536x1152.jpg 1536w, https:\/\/grg21oe.at\/wp-content\/uploads\/2023\/10\/TextileMoebel1-2048x1536.jpg 2048w, https:\/\/grg21oe.at\/wp-content\/uploads\/2023\/10\/TextileMoebel1-580x435.jpg 580w, https:\/\/grg21oe.at\/wp-content\/uploads\/2023\/10\/TextileMoebel1-820x615.jpg 820w, https:\/\/grg21oe.at\/wp-content\/uploads\/2023\/10\/TextileMoebel1-1160x870.jpg 1160w\" sizes=\"(max-width: 1024px) 100vw, 1024px\" \/><\/a>\n\t\t\t<\/div><\/figure>\n\t\t<\/div>\n<\/div>\n<\/div>\n<\/div>\n<\/div>\n<\/div>\n<\/div>\n<\/div>\n\n","protected":false},"excerpt":{"rendered":"","protected":false},"author":4,"featured_media":0,"parent":4027,"menu_order":0,"comment_status":"closed","ping_status":"closed","template":"","meta":{"footnotes":""},"class_list":["post-4051","page","type-page","status-publish","hentry"],"_links":{"self":[{"href":"https:\/\/grg21oe.at\/index.php?rest_route=\/wp\/v2\/pages\/4051","targetHints":{"allow":["GET"]}}],"collection":[{"href":"https:\/\/grg21oe.at\/index.php?rest_route=\/wp\/v2\/pages"}],"about":[{"href":"https:\/\/grg21oe.at\/index.php?rest_route=\/wp\/v2\/types\/page"}],"author":[{"embeddable":true,"href":"https:\/\/grg21oe.at\/index.php?rest_route=\/wp\/v2\/users\/4"}],"replies":[{"embeddable":true,"href":"https:\/\/grg21oe.at\/index.php?rest_route=%2Fwp%2Fv2%2Fcomments&post=4051"}],"version-history":[{"count":6,"href":"https:\/\/grg21oe.at\/index.php?rest_route=\/wp\/v2\/pages\/4051\/revisions"}],"predecessor-version":[{"id":11078,"href":"https:\/\/grg21oe.at\/index.php?rest_route=\/wp\/v2\/pages\/4051\/revisions\/11078"}],"up":[{"embeddable":true,"href":"https:\/\/grg21oe.at\/index.php?rest_route=\/wp\/v2\/pages\/4027"}],"wp:attachment":[{"href":"https:\/\/grg21oe.at\/index.php?rest_route=%2Fwp%2Fv2%2Fmedia&parent=4051"}],"curies":[{"name":"wp","href":"https:\/\/api.w.org\/{rel}","templated":true}]}}