{"id":2497,"date":"2018-11-14T16:00:21","date_gmt":"2018-11-14T16:00:21","guid":{"rendered":"http:\/\/grg21oe.at\/?page_id=2497"},"modified":"2026-03-25T14:45:00","modified_gmt":"2026-03-25T13:45:00","slug":"schulteam-1","status":"publish","type":"page","link":"https:\/\/grg21oe.at\/?page_id=2497","title":{"rendered":"Schulteam"},"content":{"rendered":"<style type=\"text\/css\"> \n#cmsms_row_69f71c553bdf6 { \n\tbackground-image: url(https:\/\/grg21oe.at\/wp-content\/uploads\/2018\/11\/schulteam-e1614099602441.jpg); \n\tbackground-position: top center; \n\tbackground-repeat: no-repeat; \n\tbackground-attachment: scroll; \n\tbackground-size: cover; \n} \n\n#cmsms_row_69f71c553bdf6 .cmsms_row_outer_parent { \n\tpadding-top: 3px; \n} \n\n#cmsms_row_69f71c553bdf6 .cmsms_row_outer_parent { \n\tpadding-bottom: 50px; \n} \n\n#cmsms_row_69f71c553bdf6 .cmsms_row_overlay { \n\tbackground-color: #f2f2f2; \n\topacity: 0.88; \n} \n\n#cmsms_row_69f71c553bdf6 .cmsms_row_inner.cmsms_row_fullwidth { \n\tpadding-left:5%; \n} \n<\/style><div id=\"cmsms_row_69f71c553bdf6\" class=\"cmsms_row cmsms_color_scheme_default\">\n<div class=\"cmsms_row_outer_parent\">\n<div class=\"cmsms_row_overlay\"><\/div>\n<div class=\"cmsms_row_outer\">\n<div class=\"cmsms_row_inner cmsms_row_fullwidth\">\n<div class=\"cmsms_row_margin\">\n<div class=\"cmsms_column one_first\">\n<div class=\"cmsms_text\">\n<h1><span style=\"color: #5a7ddd;\"><br \/>\nSchulteam<\/span><\/h1>\n<\/div>\n<div class=\"cmsms_toggles toggles_mode_toggle\">\n<div class=\"cmsms_toggle_wrap current_toggle\" data-tags=\"all \">\n<div class=\"cmsms_toggle_title\">\n<span class=\"cmsms_toggle_plus\">\n<span class=\"cmsms_toggle_plus_hor\"><\/span>\n<span class=\"cmsms_toggle_plus_vert\"><\/span>\n<\/span>\n<a href=\"#\"> Direktion <\/a>\n<\/div>\n<div class=\"cmsms_toggle\">\n<div class=\"cmsms_toggle_inner\">\n<h2><img fetchpriority=\"high\" decoding=\"async\" class=\"size-medium wp-image-9330 alignleft\" src=\"https:\/\/grg21oe.at\/wp-content\/uploads\/2024\/02\/boeck-225x300.jpeg\" alt=\"\" width=\"225\" height=\"300\" srcset=\"https:\/\/grg21oe.at\/wp-content\/uploads\/2024\/02\/boeck-225x300.jpeg 225w, https:\/\/grg21oe.at\/wp-content\/uploads\/2024\/02\/boeck-767x1024.jpeg 767w, https:\/\/grg21oe.at\/wp-content\/uploads\/2024\/02\/boeck-768x1026.jpeg 768w, https:\/\/grg21oe.at\/wp-content\/uploads\/2024\/02\/boeck-1150x1536.jpeg 1150w, https:\/\/grg21oe.at\/wp-content\/uploads\/2024\/02\/boeck-1534x2048.jpeg 1534w, https:\/\/grg21oe.at\/wp-content\/uploads\/2024\/02\/boeck-580x775.jpeg 580w, https:\/\/grg21oe.at\/wp-content\/uploads\/2024\/02\/boeck-820x1095.jpeg 820w, https:\/\/grg21oe.at\/wp-content\/uploads\/2024\/02\/boeck-1160x1549.jpeg 1160w, https:\/\/grg21oe.at\/wp-content\/uploads\/2024\/02\/boeck-scaled.jpeg 1917w\" sizes=\"(max-width: 225px) 100vw, 225px\" \/><\/h2>\n<h3><strong>Mag. Silvia B\u00f6ck<\/strong><\/h3>\n<p><span data-contrast=\"auto\">Im Laufe meiner 27-j\u00e4hrigen T\u00e4tigkeit als Lehrerin f\u00fcr Deutsch, Geographie und wirtschaftliche Bildung, sowie Werkerziehung habe ich bereits an unterschiedlichsten Schulformen unterrichtet. Au\u00dferdem durfte ich in dieser Zeit auch Leitungserfahrung sammeln.\u00a0<\/span><span data-ccp-props=\"{}\">\u00a0<\/span><\/p>\n<p><span data-contrast=\"auto\">Eine Schule dieser Gr\u00f6\u00dfe zu leiten, ist eine gro\u00dfe Herausforderung, der ich mich sehr gerne stellen werde, um mit meinem Team bereits Begonnenes fortzuf\u00fchren und Neues entstehen zu lassen.<\/span><span data-ccp-props=\"{}\">\u00a0<\/span><\/p>\n<p>&nbsp;<\/p>\n<\/div>\n<\/div>\n<\/div><div class=\"cmsms_toggle_wrap\" data-tags=\"all \">\n<div class=\"cmsms_toggle_title\">\n<span class=\"cmsms_toggle_plus\">\n<span class=\"cmsms_toggle_plus_hor\"><\/span>\n<span class=\"cmsms_toggle_plus_vert\"><\/span>\n<\/span>\n<a href=\"#\">Administration<\/a>\n<\/div>\n<div class=\"cmsms_toggle\">\n<div class=\"cmsms_toggle_inner\">\n<p><a href=\"https:\/\/grg21oe.at\/wp-content\/uploads\/2018\/04\/sma.jpg\"><img decoding=\"async\" class=\"size-full wp-image-1984\" src=\"https:\/\/grg21oe.at\/wp-content\/uploads\/2018\/04\/sma.jpg\" alt=\"\" width=\"103\" height=\"155\" \/><\/a> <strong>Dipl.-Ing. Dr.techn. SCH\u00d6NHACKER Martin<\/strong><\/p>\n<p><a href=\"https:\/\/grg21oe.at\/wp-content\/uploads\/2018\/04\/got.jpg\"><img decoding=\"async\" class=\"size-full wp-image-1983\" src=\"https:\/\/grg21oe.at\/wp-content\/uploads\/2018\/04\/got.jpg\" alt=\"\" width=\"103\" height=\"155\" \/><\/a> <strong>Mag. GOTTZY Monika<\/strong><\/p>\n<\/div>\n<\/div>\n<\/div><div class=\"cmsms_toggle_wrap\" data-tags=\"all \">\n<div class=\"cmsms_toggle_title\">\n<span class=\"cmsms_toggle_plus\">\n<span class=\"cmsms_toggle_plus_hor\"><\/span>\n<span class=\"cmsms_toggle_plus_vert\"><\/span>\n<\/span>\n<a href=\"#\">Sekretariat<\/a>\n<\/div>\n<div class=\"cmsms_toggle\">\n<div class=\"cmsms_toggle_inner\">\n<p><a href=\"https:\/\/grg21oe.at\/wp-content\/uploads\/2018\/04\/manuela.jpg\"><img loading=\"lazy\" decoding=\"async\" class=\"alignnone size-full wp-image-2014\" src=\"https:\/\/grg21oe.at\/wp-content\/uploads\/2018\/04\/manuela.jpg\" alt=\"\" width=\"120\" height=\"155\" \/><\/a> <strong>Manuela M\u00dcLLER<\/strong><\/p>\n<p><a href=\"https:\/\/grg21oe.at\/wp-content\/uploads\/2018\/04\/gat.jpg\"><img loading=\"lazy\" decoding=\"async\" class=\"alignnone size-full wp-image-2013\" src=\"https:\/\/grg21oe.at\/wp-content\/uploads\/2018\/04\/gat.jpg\" alt=\"\" width=\"103\" height=\"155\" \/><\/a> <strong>Daniel GATTERMAYER <\/strong><\/p>\n<\/div>\n<\/div>\n<\/div><div class=\"cmsms_toggle_wrap\" data-tags=\"all \">\n<div class=\"cmsms_toggle_title\">\n<span class=\"cmsms_toggle_plus\">\n<span class=\"cmsms_toggle_plus_hor\"><\/span>\n<span class=\"cmsms_toggle_plus_vert\"><\/span>\n<\/span>\n<a href=\"#\">Lehrerinnen und Lehrer<\/a>\n<\/div>\n<div class=\"cmsms_toggle\">\n<div class=\"cmsms_toggle_inner\">\n<p><a href=\"https:\/\/grg21oe.webuntis.com\/WebUntis\/#\/basic\/officehours\" target=\"_blank\" rel=\"noopener noreferrer\"><strong>Sprechstundenliste<\/strong><\/a><\/p>\n<p><a href=\"https:\/\/grg21oe.at\/?page_id=5341\">Lehrerinnen und Lehrer<\/a><\/p>\n<\/div>\n<\/div>\n<\/div><div class=\"cmsms_toggle_wrap\" data-tags=\"all \">\n<div class=\"cmsms_toggle_title\">\n<span class=\"cmsms_toggle_plus\">\n<span class=\"cmsms_toggle_plus_hor\"><\/span>\n<span class=\"cmsms_toggle_plus_vert\"><\/span>\n<\/span>\n<a href=\"#\">Schularzt und Schul\u00e4rztin<\/a>\n<\/div>\n<div class=\"cmsms_toggle\">\n<div class=\"cmsms_toggle_inner\">\n<h4>Schul\u00e4rztin Dr. Brigitte Exenberger<\/h4>\n<p>Ordinationszeiten: Di. von 10.30 &#8211; 14.00 und Fr. von 7.30 &#8211; 13.00 Uhr Sprechstunden f\u00fcr Eltern und Erziehungsberechtigte: Di. von 11.00 &#8211; 12.00 und Fr. von 7.30 &#8211; 8.30 Uhr<\/p>\n<h4>Schularzt Dr. Clemens Gasser<\/h4>\n<p>Ordinationszeiten: Mi. von 8.00 &#8211; 15.00 und Do. von 8.00 &#8211; 10.00 Uhr Sprechstunden f\u00fcr Eltern und Erziehungsberechtigte: Mi. von 8.00 &#8211; 9.00 und Do. von 8.00 &#8211; 9.00 Uhr<\/p>\n<h4><\/h4>\n<\/div>\n<\/div>\n<\/div><\/div>\n<\/div>\n<div class=\"cmsms_column one_first\">\n<\/div>\n<\/div>\n<\/div>\n<\/div>\n<\/div>\n<\/div>\n\n","protected":false},"excerpt":{"rendered":"","protected":false},"author":6,"featured_media":0,"parent":0,"menu_order":0,"comment_status":"closed","ping_status":"closed","template":"","meta":{"footnotes":""},"class_list":["post-2497","page","type-page","status-publish","hentry"],"_links":{"self":[{"href":"https:\/\/grg21oe.at\/index.php?rest_route=\/wp\/v2\/pages\/2497","targetHints":{"allow":["GET"]}}],"collection":[{"href":"https:\/\/grg21oe.at\/index.php?rest_route=\/wp\/v2\/pages"}],"about":[{"href":"https:\/\/grg21oe.at\/index.php?rest_route=\/wp\/v2\/types\/page"}],"author":[{"embeddable":true,"href":"https:\/\/grg21oe.at\/index.php?rest_route=\/wp\/v2\/users\/6"}],"replies":[{"embeddable":true,"href":"https:\/\/grg21oe.at\/index.php?rest_route=%2Fwp%2Fv2%2Fcomments&post=2497"}],"version-history":[{"count":159,"href":"https:\/\/grg21oe.at\/index.php?rest_route=\/wp\/v2\/pages\/2497\/revisions"}],"predecessor-version":[{"id":11473,"href":"https:\/\/grg21oe.at\/index.php?rest_route=\/wp\/v2\/pages\/2497\/revisions\/11473"}],"wp:attachment":[{"href":"https:\/\/grg21oe.at\/index.php?rest_route=%2Fwp%2Fv2%2Fmedia&parent=2497"}],"curies":[{"name":"wp","href":"https:\/\/api.w.org\/{rel}","templated":true}]}}