{"id":1702,"date":"2018-02-02T11:54:40","date_gmt":"2018-02-02T11:54:40","guid":{"rendered":"http:\/\/grg21oe.at\/?page_id=1702"},"modified":"2025-10-08T14:41:48","modified_gmt":"2025-10-08T13:41:48","slug":"geschichte","status":"publish","type":"page","link":"https:\/\/grg21oe.at\/?page_id=1702","title":{"rendered":"Geschichte"},"content":{"rendered":"<style type=\"text\/css\"> \n#cmsms_row_69f46e9074770 .cmsms_row_outer_parent { \n\tpadding-top: 40px; \n} \n\n#cmsms_row_69f46e9074770 .cmsms_row_outer_parent { \n\tpadding-bottom: 40px; \n} \n\n \n#cmsms_row_69f46e9074a26 .cmsms_row_outer_parent { \n\tpadding-top: 0px; \n} \n\n#cmsms_row_69f46e9074a26 .cmsms_row_outer_parent { \n\tpadding-bottom: 50px; \n} \n\n<\/style><div id=\"cmsms_row_69f46e9074770\" class=\"cmsms_row cmsms_color_scheme_default\">\n<div class=\"cmsms_row_outer_parent\">\n<div class=\"cmsms_row_outer\">\n<div class=\"cmsms_row_inner\">\n<div class=\"cmsms_row_margin\">\n<div class=\"cmsms_column one_first\">\n<div class=\"cmsms_text\">\n<h2><\/h2>\n<h1><span style=\"color: #5a7ddd;\">GESCHICHTE<\/span><\/h1>\n<p>Im Schuljahr 1972\/73 wurden einige erste Klassen als Expositur der zuk\u00fcnftigen Schule in der \u00d6denburger Stra\u00dfe in einem Pavillon in der Franklinstra\u00dfe 35 er\u00f6ffnet.<\/p>\n<p>Ab 1973 war die zuk\u00fcnftige Schule auch \u201eUntermieter\u201c in der Volksschule Br\u00fcnnerstra\u00dfe und der Hauptschule Jochbergengasse.<\/p>\n<p>Im November 1974 wurde der Bau unseres derzeitigen Schulhauses begonnen, das nach Pl\u00e4nen von Architekt E. M. Donau f\u00fcr 40 Klassen ausgelegt ist.<\/p>\n<p>Seit 1. J\u00e4nner 1975 existiert das GRG 21, \u00d6denburger Stra\u00dfe als selbst\u00e4ndige Schule.<\/p>\n<p>Im September 1976 wurde das neue Haus bezogen, obwohl es noch eine Baustelle war. Es dauerte noch zwei volle Jahre, bis das Geb\u00e4ude fertiggestellt war.<\/p>\n<\/div>\n<div class=\"cmsms_text\">\n<h5><\/h5>\n<h5><\/h5>\n<h5><span style=\"color: #5a7ddd;\"><strong>Die Leitung der Schule<\/strong><\/span><\/h5>\n<table class=\"rahmen\" style=\"height: 197px;\" border=\"0\" width=\"896\">\n<tbody>\n<tr>\n<td class=\"dunkel\" width=\"260\">Herbst 1972 \u2013 Dezember 1982<\/td>\n<td class=\"dunkel\">HR Mag. Ernst Mattes verwaltete schon die Expositurklassen.<br \/>\nEr leitete als erster Direktor das GRG 21 \u00d6.<\/td>\n<\/tr>\n<tr>\n<td class=\"hell\">J\u00e4nner 1983 \u2013 Dezember 2000<\/td>\n<td class=\"hell\">folgte HR Mag. Heinz Dainko als Schulleiter.<\/td>\n<\/tr>\n<tr>\n<td class=\"dunkel\">J\u00e4nner 2001 \u2013 August 2001<\/td>\n<td class=\"dunkel\">fungierte Prof. Hans Leopold Rudolf als Interims-Direktor.<\/td>\n<\/tr>\n<tr>\n<td class=\"hell\">September 2001 \u2013 August 2013<\/td>\n<td class=\"hell\">leitete HRin Mag.a Elfriede Jarmai das Haus.<\/td>\n<\/tr>\n<tr>\n<td class=\"hell\">September 2013 \u2013 August 2014<\/td>\n<td class=\"hell\">leitete Mag. Andreas Kreuzer interimistisch die Schule.<\/td>\n<\/tr>\n<tr>\n<td class=\"hell\">September 2014 \u2013 Juli 2023<\/td>\n<td class=\"hell\">leitete HRin Mag.a Brigitte Fuchs, MAS. die \u00d6denburgerstra\u00dfe.<\/td>\n<\/tr>\n<tr>\n<td class=\"hell\">August 2023 \u2013 J\u00e4nner 2024<\/td>\n<td class=\"hell\">war MMag. Eveline H\u00e4mmerle als intermistische Schulleiterin t\u00e4tig.<\/td>\n<\/tr>\n<tr>\n<td class=\"hell\">seit Februar 2024<\/td>\n<td class=\"hell\">leitet Mag. Silvia B\u00f6ck unsere Schule.<\/td>\n<\/tr>\n<\/tbody>\n<\/table>\n<\/div>\n<\/div>\n<\/div>\n<\/div>\n<\/div>\n<\/div>\n<\/div>\n<div id=\"cmsms_row_69f46e9074a26\" class=\"cmsms_row cmsms_color_scheme_default\">\n<div class=\"cmsms_row_outer_parent\">\n<div class=\"cmsms_row_outer\">\n<div class=\"cmsms_row_inner\">\n<div class=\"cmsms_row_margin\">\n<div class=\"cmsms_column one_half\">\n<div class=\"cmsms_text\">\n<p><a href=\"https:\/\/grg21oe.at\/wp-content\/uploads\/2020\/04\/schule_alt_450.jpg\"><img fetchpriority=\"high\" decoding=\"async\" class=\"alignnone size-full wp-image-3775\" src=\"https:\/\/grg21oe.at\/wp-content\/uploads\/2020\/04\/schule_alt_450.jpg\" alt=\"\" width=\"641\" height=\"450\" srcset=\"https:\/\/grg21oe.at\/wp-content\/uploads\/2020\/04\/schule_alt_450.jpg 641w, https:\/\/grg21oe.at\/wp-content\/uploads\/2020\/04\/schule_alt_450-300x211.jpg 300w, https:\/\/grg21oe.at\/wp-content\/uploads\/2020\/04\/schule_alt_450-580x407.jpg 580w\" sizes=\"(max-width: 641px) 100vw, 641px\" \/><\/a><br \/>\nSchule 1976<\/p>\n<\/div>\n<\/div>\n<div class=\"cmsms_column one_half\">\n<div class=\"cmsms_text\">\n<p><a href=\"https:\/\/grg21oe.at\/wp-content\/uploads\/2020\/04\/schule_neu_450.jpg\"><img decoding=\"async\" class=\"alignnone wp-image-3777 size-full\" src=\"https:\/\/grg21oe.at\/wp-content\/uploads\/2020\/04\/schule_neu_450-e1587719669488.jpg\" alt=\"\" width=\"636\" height=\"449\" srcset=\"https:\/\/grg21oe.at\/wp-content\/uploads\/2020\/04\/schule_neu_450-e1587719669488.jpg 636w, https:\/\/grg21oe.at\/wp-content\/uploads\/2020\/04\/schule_neu_450-e1587719669488-300x212.jpg 300w, https:\/\/grg21oe.at\/wp-content\/uploads\/2020\/04\/schule_neu_450-e1587719669488-580x409.jpg 580w\" sizes=\"(max-width: 636px) 100vw, 636px\" \/><\/a><br \/>\nSchule 2018<\/p>\n<\/div>\n<\/div>\n<\/div>\n<\/div>\n<\/div>\n<\/div>\n<\/div>\n\n","protected":false},"excerpt":{"rendered":"","protected":false},"author":4,"featured_media":0,"parent":0,"menu_order":0,"comment_status":"closed","ping_status":"closed","template":"","meta":{"footnotes":""},"class_list":["post-1702","page","type-page","status-publish","hentry"],"_links":{"self":[{"href":"https:\/\/grg21oe.at\/index.php?rest_route=\/wp\/v2\/pages\/1702","targetHints":{"allow":["GET"]}}],"collection":[{"href":"https:\/\/grg21oe.at\/index.php?rest_route=\/wp\/v2\/pages"}],"about":[{"href":"https:\/\/grg21oe.at\/index.php?rest_route=\/wp\/v2\/types\/page"}],"author":[{"embeddable":true,"href":"https:\/\/grg21oe.at\/index.php?rest_route=\/wp\/v2\/users\/4"}],"replies":[{"embeddable":true,"href":"https:\/\/grg21oe.at\/index.php?rest_route=%2Fwp%2Fv2%2Fcomments&post=1702"}],"version-history":[{"count":49,"href":"https:\/\/grg21oe.at\/index.php?rest_route=\/wp\/v2\/pages\/1702\/revisions"}],"predecessor-version":[{"id":11039,"href":"https:\/\/grg21oe.at\/index.php?rest_route=\/wp\/v2\/pages\/1702\/revisions\/11039"}],"wp:attachment":[{"href":"https:\/\/grg21oe.at\/index.php?rest_route=%2Fwp%2Fv2%2Fmedia&parent=1702"}],"curies":[{"name":"wp","href":"https:\/\/api.w.org\/{rel}","templated":true}]}}